{"id":87643,"date":"2021-12-18T18:09:48","date_gmt":"2021-12-18T17:09:48","guid":{"rendered":"https:\/\/bertsche-spiegel.de\/?post_type=portfolio&#038;p=87643"},"modified":"2023-02-13T09:00:49","modified_gmt":"2023-02-13T08:00:49","slug":"buch-zum-firmen-jubilaeum","status":"publish","type":"portfolio","link":"https:\/\/bertsche-spiegel.de\/index.php\/portfolio\/buch-zum-firmen-jubilaeum\/","title":{"rendered":"ulmer heimst\u00e4tte \/ Buchgestaltung"},"content":{"rendered":"<section class=\"wpb-content-wrapper\"><p>[vc_row row_height_percent=&#8220;0&#8243; override_padding=&#8220;yes&#8220; h_padding=&#8220;2&#8243; top_padding=&#8220;3&#8243; bottom_padding=&#8220;2&#8243; overlay_alpha=&#8220;50&#8243; gutter_size=&#8220;3&#8243; column_width_percent=&#8220;100&#8243; shift_y=&#8220;0&#8243; z_index=&#8220;0&#8243;][vc_column column_width_percent=&#8220;80&#8243; gutter_size=&#8220;2&#8243; overlay_alpha=&#8220;50&#8243; shift_x=&#8220;0&#8243; shift_y=&#8220;0&#8243; shift_y_down=&#8220;0&#8243; z_index=&#8220;0&#8243; medium_width=&#8220;0&#8243; mobile_width=&#8220;0&#8243; width=&#8220;1\/1&#8243; uncode_shortcode_id=&#8220;756850&#8243;][vc_custom_heading heading_semantic=&#8220;h5&#8243; text_font=&#8220;font-593334&#8243; text_size=&#8220;h6&#8243; text_weight=&#8220;300&#8243; text_transform=&#8220;uppercase&#8220; uncode_shortcode_id=&#8220;180201&#8243;]\/ ulmer heimst\u00e4tte[\/vc_custom_heading][vc_custom_heading heading_semantic=&#8220;h3&#8243; text_font=&#8220;font-593334&#8243; text_weight=&#8220;600&#8243; text_transform=&#8220;uppercase&#8220; text_height=&#8220;fontheight-161249&#8243; text_space=&#8220;fontspace-781688&#8243; uncode_shortcode_id=&#8220;157273&#8243;]Eine Zeitreise[\/vc_custom_heading][vc_empty_space empty_h=&#8220;2&#8243; mobile_visibility=&#8220;yes&#8220;][\/vc_column][\/vc_row][vc_row row_height_percent=&#8220;0&#8243; override_padding=&#8220;yes&#8220; h_padding=&#8220;0&#8243; top_padding=&#8220;0&#8243; bottom_padding=&#8220;0&#8243; overlay_alpha=&#8220;50&#8243; gutter_size=&#8220;3&#8243; column_width_percent=&#8220;100&#8243; shift_y=&#8220;0&#8243; z_index=&#8220;0&#8243; uncode_shortcode_id=&#8220;201762&#8243;][vc_column column_width_percent=&#8220;100&#8243; gutter_size=&#8220;2&#8243; overlay_alpha=&#8220;50&#8243; shift_x=&#8220;0&#8243; shift_y=&#8220;0&#8243; shift_y_down=&#8220;0&#8243; z_index=&#8220;0&#8243; medium_width=&#8220;0&#8243; mobile_width=&#8220;0&#8243; width=&#8220;1\/1&#8243; uncode_shortcode_id=&#8220;173693&#8243;][vc_single_image media=&#8220;87525&#8243; media_width_percent=&#8220;100&#8243;][vc_row_inner row_inner_height_percent=&#8220;0&#8243; overlay_alpha=&#8220;50&#8243; gutter_size=&#8220;2&#8243; shift_y=&#8220;0&#8243; z_index=&#8220;0&#8243; limit_content=&#8220;&#8220; uncode_shortcode_id=&#8220;208850&#8243;][vc_column_inner width=&#8220;1\/2&#8243;][vc_single_image media=&#8220;87519&#8243; media_width_percent=&#8220;100&#8243;][\/vc_column_inner][vc_column_inner width=&#8220;1\/2&#8243;][vc_single_image media=&#8220;87511&#8243; media_width_percent=&#8220;100&#8243;][\/vc_column_inner][\/vc_row_inner][\/vc_column][\/vc_row][vc_row row_height_percent=&#8220;0&#8243; override_padding=&#8220;yes&#8220; h_padding=&#8220;2&#8243; top_padding=&#8220;2&#8243; bottom_padding=&#8220;2&#8243; overlay_alpha=&#8220;50&#8243; gutter_size=&#8220;3&#8243; column_width_percent=&#8220;100&#8243; shift_y=&#8220;0&#8243; z_index=&#8220;0&#8243; uncode_shortcode_id=&#8220;148072&#8243;][vc_column column_width_percent=&#8220;80&#8243; gutter_size=&#8220;0&#8243; overlay_alpha=&#8220;50&#8243; shift_x=&#8220;0&#8243; shift_y=&#8220;0&#8243; shift_y_down=&#8220;0&#8243; z_index=&#8220;0&#8243; medium_width=&#8220;0&#8243; mobile_width=&#8220;0&#8243; width=&#8220;1\/1&#8243; uncode_shortcode_id=&#8220;114176&#8243;][vc_empty_space empty_h=&#8220;1&#8243; mobile_visibility=&#8220;yes&#8220;][vc_column_text text_color=&#8220;color-jevc&#8220; uncode_shortcode_id=&#8220;104686&#8243; text_color_type=&#8220;uncode-palette&#8220;]<strong>Das Buch zum Jubil\u00e4um: Unternehmens-Geschichte auf 120 Seiten<\/strong><\/p>\n<p>Eine Jubil\u00e4ums-Chronik mit salbungsvollen Gru\u00dfworten und trockenen Fakten? Nein \u2013 das war allen von Anfang an klar. Vielmehr sollte die Ver\u00f6ffentlichung zum 125. Jubil\u00e4um der ulmer heimst\u00e4tte ein richtiges Bilder- und Lesebuch sein. Informativ, aber auch unterhaltsam. Geschichtlich, aber nahe an den Menschen.[\/vc_column_text][vc_empty_space empty_h=&#8220;1&#8243; mobile_visibility=&#8220;yes&#8220;][\/vc_column][\/vc_row][vc_row row_height_percent=&#8220;0&#8243; override_padding=&#8220;yes&#8220; h_padding=&#8220;0&#8243; top_padding=&#8220;0&#8243; bottom_padding=&#8220;0&#8243; overlay_alpha=&#8220;50&#8243; gutter_size=&#8220;2&#8243; column_width_percent=&#8220;100&#8243; shift_y=&#8220;0&#8243; z_index=&#8220;0&#8243; uncode_shortcode_id=&#8220;170283&#8243;][vc_column column_width_percent=&#8220;100&#8243; gutter_size=&#8220;2&#8243; overlay_alpha=&#8220;50&#8243; shift_x=&#8220;0&#8243; shift_y=&#8220;0&#8243; shift_y_down=&#8220;0&#8243; z_index=&#8220;0&#8243; medium_width=&#8220;0&#8243; mobile_width=&#8220;0&#8243; width=&#8220;1\/1&#8243; uncode_shortcode_id=&#8220;125499&#8243;][vc_row_inner row_inner_height_percent=&#8220;0&#8243; overlay_alpha=&#8220;50&#8243; gutter_size=&#8220;2&#8243; shift_y=&#8220;0&#8243; z_index=&#8220;0&#8243; limit_content=&#8220;&#8220; uncode_shortcode_id=&#8220;489135&#8243;][vc_column_inner width=&#8220;1\/2&#8243;][vc_single_image media=&#8220;87521&#8243; media_width_percent=&#8220;100&#8243;][\/vc_column_inner][vc_column_inner width=&#8220;1\/2&#8243;][vc_single_image media=&#8220;87658&#8243; media_width_percent=&#8220;100&#8243;][\/vc_column_inner][\/vc_row_inner][vc_single_image media=&#8220;87526&#8243; media_width_percent=&#8220;100&#8243;][vc_single_image media=&#8220;87659&#8243; media_width_percent=&#8220;100&#8243;][\/vc_column][\/vc_row][vc_row row_height_percent=&#8220;0&#8243; override_padding=&#8220;yes&#8220; h_padding=&#8220;2&#8243; top_padding=&#8220;2&#8243; bottom_padding=&#8220;2&#8243; overlay_alpha=&#8220;50&#8243; gutter_size=&#8220;3&#8243; column_width_percent=&#8220;100&#8243; shift_y=&#8220;0&#8243; z_index=&#8220;0&#8243; uncode_shortcode_id=&#8220;187097&#8243;][vc_column column_width_percent=&#8220;80&#8243; gutter_size=&#8220;0&#8243; overlay_alpha=&#8220;50&#8243; shift_x=&#8220;0&#8243; shift_y=&#8220;0&#8243; shift_y_down=&#8220;0&#8243; z_index=&#8220;0&#8243; medium_width=&#8220;0&#8243; mobile_width=&#8220;0&#8243; width=&#8220;1\/1&#8243; uncode_shortcode_id=&#8220;703625&#8243;][vc_empty_space empty_h=&#8220;2&#8243; mobile_visibility=&#8220;yes&#8220;][vc_column_text text_color=&#8220;color-jevc&#8220; uncode_shortcode_id=&#8220;562528&#8243; text_color_type=&#8220;uncode-palette&#8220;]F\u00fcr die Texte recherchierte Politikwissenschaftler und Historiker Ingo Bergmann im umfangreichen Archiv dieser \u00e4ltesten Wohnbau-Genossenschaft Ulms. Gemeinsam w\u00e4hlten wir passendes Bildmaterial aus: Pl\u00e4ne, Dokumente, Objekte und Fotos. Kurze Kapitel behandeln Zeitr\u00e4ume, Entwicklungen und spezielle Themen. Ein Zeitstrahl rundet jede Epoche zusammenfassend ab.[\/vc_column_text][vc_empty_space empty_h=&#8220;2&#8243; mobile_visibility=&#8220;yes&#8220;][\/vc_column][\/vc_row][vc_row row_height_percent=&#8220;0&#8243; override_padding=&#8220;yes&#8220; h_padding=&#8220;0&#8243; top_padding=&#8220;0&#8243; bottom_padding=&#8220;0&#8243; overlay_alpha=&#8220;50&#8243; gutter_size=&#8220;3&#8243; column_width_percent=&#8220;100&#8243; shift_y=&#8220;0&#8243; z_index=&#8220;0&#8243; uncode_shortcode_id=&#8220;176675&#8243;][vc_column column_width_percent=&#8220;100&#8243; gutter_size=&#8220;2&#8243; overlay_alpha=&#8220;50&#8243; shift_x=&#8220;0&#8243; shift_y=&#8220;0&#8243; shift_y_down=&#8220;0&#8243; z_index=&#8220;0&#8243; medium_width=&#8220;0&#8243; mobile_width=&#8220;0&#8243; width=&#8220;1\/1&#8243; uncode_shortcode_id=&#8220;205056&#8243;][vc_single_image media=&#8220;87660&#8243; media_width_percent=&#8220;100&#8243;][vc_single_image media=&#8220;87661&#8243; media_width_percent=&#8220;100&#8243;][vc_row_inner row_inner_height_percent=&#8220;0&#8243; overlay_alpha=&#8220;50&#8243; gutter_size=&#8220;2&#8243; shift_y=&#8220;0&#8243; z_index=&#8220;0&#8243; limit_content=&#8220;&#8220; uncode_shortcode_id=&#8220;477356&#8243;][vc_column_inner width=&#8220;1\/2&#8243;][vc_single_image media=&#8220;87663&#8243; media_width_percent=&#8220;100&#8243;][\/vc_column_inner][vc_column_inner width=&#8220;1\/2&#8243;][vc_single_image media=&#8220;87665&#8243; media_width_percent=&#8220;100&#8243;][\/vc_column_inner][\/vc_row_inner][\/vc_column][\/vc_row][vc_row row_height_percent=&#8220;0&#8243; override_padding=&#8220;yes&#8220; h_padding=&#8220;2&#8243; top_padding=&#8220;2&#8243; bottom_padding=&#8220;2&#8243; overlay_alpha=&#8220;50&#8243; gutter_size=&#8220;3&#8243; column_width_percent=&#8220;100&#8243; shift_y=&#8220;0&#8243; z_index=&#8220;0&#8243; uncode_shortcode_id=&#8220;187097&#8243;][vc_column column_width_percent=&#8220;80&#8243; gutter_size=&#8220;0&#8243; overlay_alpha=&#8220;50&#8243; shift_x=&#8220;0&#8243; shift_y=&#8220;0&#8243; shift_y_down=&#8220;0&#8243; z_index=&#8220;0&#8243; medium_width=&#8220;0&#8243; mobile_width=&#8220;0&#8243; width=&#8220;1\/1&#8243; uncode_shortcode_id=&#8220;703625&#8243;][vc_empty_space empty_h=&#8220;2&#8243; mobile_visibility=&#8220;yes&#8220;][vc_column_text text_color=&#8220;color-jevc&#8220; uncode_shortcode_id=&#8220;127096&#8243; text_color_type=&#8220;uncode-palette&#8220;]Das Bildmaterial aus dem bis zu den Anf\u00e4ngen der Genossenschaft zur\u00fcckreichenden Archiv wurde durch uns fotografiert bzw. digitalisiert und f\u00fcrs Buch entsprechend aufbereitet. Farbtests und die Kontrolle der Druckb\u00f6gen an der Maschine sicherten die Qualit\u00e4t des Endprodukts: Gebunden, fadengeheftet, mit optimaler Bildwiedergabe und gleichzeitig angenehmer Haptik.[\/vc_column_text][vc_empty_space empty_h=&#8220;2&#8243; mobile_visibility=&#8220;yes&#8220;][\/vc_column][\/vc_row][vc_row row_height_percent=&#8220;0&#8243; override_padding=&#8220;yes&#8220; h_padding=&#8220;0&#8243; top_padding=&#8220;0&#8243; bottom_padding=&#8220;0&#8243; overlay_alpha=&#8220;50&#8243; gutter_size=&#8220;3&#8243; column_width_percent=&#8220;100&#8243; shift_y=&#8220;0&#8243; z_index=&#8220;0&#8243; uncode_shortcode_id=&#8220;265645&#8243;][vc_column column_width_percent=&#8220;100&#8243; gutter_size=&#8220;2&#8243; overlay_alpha=&#8220;50&#8243; shift_x=&#8220;0&#8243; shift_y=&#8220;0&#8243; shift_y_down=&#8220;0&#8243; z_index=&#8220;0&#8243; medium_width=&#8220;0&#8243; mobile_width=&#8220;0&#8243; width=&#8220;1\/1&#8243; uncode_shortcode_id=&#8220;160575&#8243;][vc_row_inner row_inner_height_percent=&#8220;0&#8243; overlay_alpha=&#8220;50&#8243; equal_height=&#8220;yes&#8220; gutter_size=&#8220;2&#8243; shift_y=&#8220;0&#8243; z_index=&#8220;0&#8243; limit_content=&#8220;&#8220; uncode_shortcode_id=&#8220;709281&#8243;][vc_column_inner width=&#8220;1\/2&#8243;][vc_single_image media=&#8220;87731&#8243; media_width_percent=&#8220;100&#8243; media_ratio=&#8220;three-two&#8220; uncode_shortcode_id=&#8220;182488&#8243;][\/vc_column_inner][vc_column_inner width=&#8220;1\/2&#8243;][vc_single_image media=&#8220;87668&#8243; media_width_percent=&#8220;100&#8243; media_ratio=&#8220;three-two&#8220; uncode_shortcode_id=&#8220;209165&#8243;][\/vc_column_inner][\/vc_row_inner][vc_single_image media=&#8220;87667&#8243; media_width_percent=&#8220;100&#8243;][vc_row_inner limit_content=&#8220;&#8220;][vc_column_inner width=&#8220;1\/2&#8243;][\/vc_column_inner][\/vc_row_inner][\/vc_column][\/vc_row][vc_row row_height_percent=&#8220;0&#8243; override_padding=&#8220;yes&#8220; h_padding=&#8220;2&#8243; top_padding=&#8220;2&#8243; bottom_padding=&#8220;3&#8243; overlay_alpha=&#8220;50&#8243; gutter_size=&#8220;4&#8243; column_width_percent=&#8220;100&#8243; shift_y=&#8220;0&#8243; z_index=&#8220;0&#8243;][vc_column column_width_percent=&#8220;100&#8243; gutter_size=&#8220;3&#8243; overlay_alpha=&#8220;50&#8243; shift_x=&#8220;0&#8243; shift_y=&#8220;0&#8243; shift_y_down=&#8220;0&#8243; z_index=&#8220;0&#8243; medium_width=&#8220;0&#8243; mobile_width=&#8220;0&#8243; width=&#8220;2\/3&#8243;][vc_column_text text_color=&#8220;color-jevc&#8220; uncode_shortcode_id=&#8220;142788&#8243; text_color_type=&#8220;uncode-palette&#8220;]<strong>\/ UNSER KUNDE<\/strong><\/p>\n<p>Die ulmer heimst\u00e4tte eG stellt ihren 5.600 Mitgliedern rund 2.500 eigene Wohnungen zur Verf\u00fcgung \u2013 mit allen Vorteilen des genossenschaftlichen Wohnens wie einem lebenlangen Wohnrecht und fairen Mietpreisen. Mitglieder profitieren zudem von der eigenen Spar-Einrichtung. Entstanden aus dem bereits 1896 gegr\u00fcndeten Spar- und Bauverein, ist die ulmer heimst\u00e4tte heute die gr\u00f6\u00dfte Wohnungsbau-Genossenschaft in Ulm. Ganz nach dem Motto: \u201eDa bin ich zuhause.\u201c[\/vc_column_text][\/vc_column][vc_column column_width_percent=&#8220;100&#8243; gutter_size=&#8220;2&#8243; overlay_alpha=&#8220;50&#8243; shift_x=&#8220;0&#8243; shift_y=&#8220;0&#8243; shift_y_down=&#8220;0&#8243; z_index=&#8220;0&#8243; medium_width=&#8220;0&#8243; mobile_width=&#8220;0&#8243; width=&#8220;1\/3&#8243;][vc_column_text text_color=&#8220;color-jevc&#8220; uncode_shortcode_id=&#8220;163246&#8243; text_color_type=&#8220;uncode-palette&#8220;]<strong>\/ UNSERE LEISTUNGEN<br \/>\n<\/strong>[\/vc_column_text][vc_column_text text_color=&#8220;color-jevc&#8220; uncode_shortcode_id=&#8220;151607&#8243; text_color_type=&#8220;uncode-palette&#8220;]<\/p>\n<ul>\n<li>Gestaltungskonzept<\/li>\n<li>Layout<\/li>\n<li>Textsatz<\/li>\n<li>Bildkonzept<\/li>\n<li>Digitalisierung Archivmaterial<\/li>\n<li>Druckabwicklung<\/li>\n<\/ul>\n<p>[\/vc_column_text][\/vc_column][\/vc_row]<\/p>\n<\/section>","protected":false},"excerpt":{"rendered":"<p>[vc_row row_height_percent=&#8220;0&#8243; override_padding=&#8220;yes&#8220; h_padding=&#8220;2&#8243; top_padding=&#8220;3&#8243; bottom_padding=&#8220;2&#8243; overlay_alpha=&#8220;50&#8243; gutter_size=&#8220;3&#8243; column_width_percent=&#8220;100&#8243; shift_y=&#8220;0&#8243; z_index=&#8220;0&#8243;][vc_column column_width_percent=&#8220;80&#8243; gutter_size=&#8220;2&#8243; overlay_alpha=&#8220;50&#8243; shift_x=&#8220;0&#8243; shift_y=&#8220;0&#8243; shift_y_down=&#8220;0&#8243; z_index=&#8220;0&#8243; medium_width=&#8220;0&#8243; mobile_width=&#8220;0&#8243; [&hellip;]<\/p>\n","protected":false},"author":1,"featured_media":87525,"parent":0,"menu_order":0,"comment_status":"open","ping_status":"open","template":"","meta":[],"portfolio_category":[83,101],"_links":{"self":[{"href":"https:\/\/bertsche-spiegel.de\/index.php\/wp-json\/wp\/v2\/portfolio\/87643"}],"collection":[{"href":"https:\/\/bertsche-spiegel.de\/index.php\/wp-json\/wp\/v2\/portfolio"}],"about":[{"href":"https:\/\/bertsche-spiegel.de\/index.php\/wp-json\/wp\/v2\/types\/portfolio"}],"author":[{"embeddable":true,"href":"https:\/\/bertsche-spiegel.de\/index.php\/wp-json\/wp\/v2\/users\/1"}],"replies":[{"embeddable":true,"href":"https:\/\/bertsche-spiegel.de\/index.php\/wp-json\/wp\/v2\/comments?post=87643"}],"version-history":[{"count":30,"href":"https:\/\/bertsche-spiegel.de\/index.php\/wp-json\/wp\/v2\/portfolio\/87643\/revisions"}],"predecessor-version":[{"id":118795,"href":"https:\/\/bertsche-spiegel.de\/index.php\/wp-json\/wp\/v2\/portfolio\/87643\/revisions\/118795"}],"wp:featuredmedia":[{"embeddable":true,"href":"https:\/\/bertsche-spiegel.de\/index.php\/wp-json\/wp\/v2\/media\/87525"}],"wp:attachment":[{"href":"https:\/\/bertsche-spiegel.de\/index.php\/wp-json\/wp\/v2\/media?parent=87643"}],"wp:term":[{"taxonomy":"portfolio_category","embeddable":true,"href":"https:\/\/bertsche-spiegel.de\/index.php\/wp-json\/wp\/v2\/portfolio_category?post=87643"}],"curies":[{"name":"wp","href":"https:\/\/api.w.org\/{rel}","templated":true}]}}