{"id":85182,"date":"2020-09-30T15:04:41","date_gmt":"2020-09-30T13:04:41","guid":{"rendered":"http:\/\/localhost:8888\/BS%20Design%20Agentur\/?post_type=portfolio&#038;p=85182"},"modified":"2023-02-10T19:28:15","modified_gmt":"2023-02-10T18:28:15","slug":"ding-kampagnen","status":"publish","type":"portfolio","link":"https:\/\/bertsche-spiegel.de\/index.php\/portfolio\/ding-kampagnen\/","title":{"rendered":"Donau-Iller-Nahverkehrsverbund \/ Werbekampagnen"},"content":{"rendered":"<section class=\"wpb-content-wrapper\"><p>[vc_row row_height_percent=&#8220;0&#8243; override_padding=&#8220;yes&#8220; h_padding=&#8220;2&#8243; top_padding=&#8220;3&#8243; bottom_padding=&#8220;2&#8243; overlay_alpha=&#8220;50&#8243; gutter_size=&#8220;3&#8243; column_width_percent=&#8220;100&#8243; shift_y=&#8220;0&#8243; z_index=&#8220;0&#8243;][vc_column column_width_percent=&#8220;80&#8243; gutter_size=&#8220;2&#8243; overlay_alpha=&#8220;50&#8243; shift_x=&#8220;0&#8243; shift_y=&#8220;0&#8243; shift_y_down=&#8220;0&#8243; z_index=&#8220;0&#8243; medium_width=&#8220;0&#8243; mobile_width=&#8220;0&#8243; width=&#8220;1\/1&#8243; uncode_shortcode_id=&#8220;643412&#8243;][vc_custom_heading heading_semantic=&#8220;h5&#8243; text_font=&#8220;font-593334&#8243; text_size=&#8220;h6&#8243; text_weight=&#8220;300&#8243; text_transform=&#8220;uppercase&#8220; uncode_shortcode_id=&#8220;390687&#8243;]\/ Donau-Iller-Nahverkehrsverbund[\/vc_custom_heading][vc_custom_heading heading_semantic=&#8220;h3&#8243; text_font=&#8220;font-593334&#8243; text_weight=&#8220;600&#8243; text_transform=&#8220;uppercase&#8220; text_height=&#8220;fontheight-161249&#8243; text_space=&#8220;fontspace-781688&#8243; uncode_shortcode_id=&#8220;859261&#8243;]Wir bringen alle<br \/>\nin Fahrt[\/vc_custom_heading][vc_empty_space empty_h=&#8220;2&#8243; mobile_visibility=&#8220;yes&#8220;][\/vc_column][\/vc_row][vc_row row_height_percent=&#8220;0&#8243; override_padding=&#8220;yes&#8220; h_padding=&#8220;0&#8243; top_padding=&#8220;0&#8243; bottom_padding=&#8220;0&#8243; overlay_alpha=&#8220;50&#8243; gutter_size=&#8220;3&#8243; column_width_percent=&#8220;100&#8243; shift_y=&#8220;0&#8243; z_index=&#8220;0&#8243; uncode_shortcode_id=&#8220;199173&#8243;][vc_column column_width_percent=&#8220;100&#8243; gutter_size=&#8220;2&#8243; overlay_alpha=&#8220;50&#8243; shift_x=&#8220;0&#8243; shift_y=&#8220;0&#8243; shift_y_down=&#8220;0&#8243; z_index=&#8220;0&#8243; medium_width=&#8220;0&#8243; mobile_width=&#8220;0&#8243; width=&#8220;1\/1&#8243;][vc_single_image media=&#8220;84999&#8243; media_width_percent=&#8220;100&#8243; uncode_shortcode_id=&#8220;899159&#8243;][\/vc_column][\/vc_row][vc_row row_height_percent=&#8220;0&#8243; override_padding=&#8220;yes&#8220; h_padding=&#8220;2&#8243; top_padding=&#8220;2&#8243; bottom_padding=&#8220;2&#8243; overlay_alpha=&#8220;50&#8243; gutter_size=&#8220;3&#8243; column_width_percent=&#8220;100&#8243; shift_y=&#8220;0&#8243; z_index=&#8220;0&#8243; uncode_shortcode_id=&#8220;148072&#8243;][vc_column column_width_percent=&#8220;80&#8243; gutter_size=&#8220;0&#8243; overlay_alpha=&#8220;50&#8243; shift_x=&#8220;0&#8243; shift_y=&#8220;0&#8243; shift_y_down=&#8220;0&#8243; z_index=&#8220;0&#8243; medium_width=&#8220;0&#8243; mobile_width=&#8220;0&#8243; width=&#8220;1\/1&#8243; uncode_shortcode_id=&#8220;114176&#8243;][vc_empty_space empty_h=&#8220;1&#8243; mobile_visibility=&#8220;yes&#8220;][vc_column_text text_color=&#8220;color-jevc&#8220; uncode_shortcode_id=&#8220;152328&#8243; text_color_type=&#8220;uncode-palette&#8220;]<strong>Kampagnen, Print- und Au\u00dfenwerbung<\/strong><\/p>\n<p>Wir zeigen die Menschen hinter der Dienstleistung: Benny, Charly, Gaby, Klaus, Ralf und Robbie stehen stellvertretend f\u00fcr alle Kollegen, die tagt\u00e4glich mit Stolz ihre Arbeit verrichten und tausende Fahrg\u00e4ste sicher, g\u00fcnstig und umweltschonend transportieren. Das Thema Mobilit\u00e4t bekommt dadurch ein Gesicht und wird sympathisch. So sympathisch, dass sich der Bundesverband der Deutschen Verkehrsverb\u00fcnde von unserer Kampagne inspirieren lie\u00df \u2026[\/vc_column_text][vc_empty_space empty_h=&#8220;1&#8243; mobile_visibility=&#8220;yes&#8220;][\/vc_column][\/vc_row][vc_row row_height_percent=&#8220;0&#8243; override_padding=&#8220;yes&#8220; h_padding=&#8220;0&#8243; top_padding=&#8220;0&#8243; bottom_padding=&#8220;0&#8243; overlay_alpha=&#8220;50&#8243; gutter_size=&#8220;3&#8243; column_width_percent=&#8220;100&#8243; shift_y=&#8220;0&#8243; z_index=&#8220;0&#8243; uncode_shortcode_id=&#8220;181729&#8243;][vc_column column_width_percent=&#8220;100&#8243; align_horizontal=&#8220;align_right&#8220; gutter_size=&#8220;2&#8243; overlay_alpha=&#8220;50&#8243; shift_x=&#8220;0&#8243; shift_y=&#8220;0&#8243; shift_y_down=&#8220;0&#8243; z_index=&#8220;0&#8243; medium_width=&#8220;0&#8243; mobile_width=&#8220;0&#8243; width=&#8220;1\/1&#8243; uncode_shortcode_id=&#8220;381730&#8243;][vc_single_image media=&#8220;85006&#8243; media_width_percent=&#8220;100&#8243;][vc_single_image media=&#8220;85180&#8243; media_width_percent=&#8220;100&#8243;][vc_row_inner row_inner_height_percent=&#8220;0&#8243; overlay_alpha=&#8220;50&#8243; gutter_size=&#8220;2&#8243; shift_y=&#8220;0&#8243; z_index=&#8220;0&#8243; limit_content=&#8220;&#8220; uncode_shortcode_id=&#8220;106842&#8243;][vc_column_inner width=&#8220;1\/2&#8243;][vc_single_image media=&#8220;85009&#8243; media_width_percent=&#8220;100&#8243;][\/vc_column_inner][vc_column_inner width=&#8220;1\/2&#8243;][vc_single_image media=&#8220;85008&#8243; media_width_percent=&#8220;100&#8243;][\/vc_column_inner][\/vc_row_inner][\/vc_column][\/vc_row][vc_row row_height_percent=&#8220;0&#8243; override_padding=&#8220;yes&#8220; h_padding=&#8220;2&#8243; top_padding=&#8220;2&#8243; bottom_padding=&#8220;2&#8243; overlay_alpha=&#8220;50&#8243; gutter_size=&#8220;3&#8243; column_width_percent=&#8220;100&#8243; shift_y=&#8220;0&#8243; z_index=&#8220;0&#8243; uncode_shortcode_id=&#8220;187097&#8243;][vc_column column_width_percent=&#8220;80&#8243; gutter_size=&#8220;0&#8243; overlay_alpha=&#8220;50&#8243; shift_x=&#8220;0&#8243; shift_y=&#8220;0&#8243; shift_y_down=&#8220;0&#8243; z_index=&#8220;0&#8243; medium_width=&#8220;0&#8243; mobile_width=&#8220;0&#8243; width=&#8220;1\/1&#8243; uncode_shortcode_id=&#8220;703625&#8243;][vc_empty_space empty_h=&#8220;2&#8243; mobile_visibility=&#8220;yes&#8220;][vc_column_text text_color=&#8220;color-jevc&#8220; uncode_shortcode_id=&#8220;194847&#8243; text_color_type=&#8220;uncode-palette&#8220;]Neben den Busfahrern, die als Imagemotive f\u00fcr die Tarife werben, wechseln wir anlassbezogen die Anzeigenmotive: So wirbt ein wasserumsp\u00fcltes Handy daf\u00fcr, mit dem Handyticket den Bus zum Nabada zu nutzen, der Ulmer Wasserparade am Schw\u00f6rmontag. F\u00fcr die Fahrt zum Weihnachtsmarkt wirbt eine Krippenszene, die statt aufs Kind in der Krippe nun beseelt aufs Handy blickt.[\/vc_column_text][vc_empty_space empty_h=&#8220;2&#8243; mobile_visibility=&#8220;yes&#8220;][\/vc_column][\/vc_row][vc_row row_height_percent=&#8220;0&#8243; override_padding=&#8220;yes&#8220; h_padding=&#8220;0&#8243; top_padding=&#8220;0&#8243; bottom_padding=&#8220;0&#8243; overlay_alpha=&#8220;50&#8243; gutter_size=&#8220;3&#8243; column_width_percent=&#8220;100&#8243; shift_y=&#8220;0&#8243; z_index=&#8220;0&#8243; uncode_shortcode_id=&#8220;186116&#8243;][vc_column column_width_percent=&#8220;100&#8243; align_horizontal=&#8220;align_right&#8220; gutter_size=&#8220;2&#8243; overlay_alpha=&#8220;50&#8243; shift_x=&#8220;0&#8243; shift_y=&#8220;0&#8243; shift_y_down=&#8220;0&#8243; z_index=&#8220;0&#8243; medium_width=&#8220;0&#8243; mobile_width=&#8220;0&#8243; width=&#8220;1\/1&#8243; uncode_shortcode_id=&#8220;174502&#8243;][vc_row_inner limit_content=&#8220;&#8220;][vc_column_inner column_width_percent=&#8220;100&#8243; align_horizontal=&#8220;align_right&#8220; gutter_size=&#8220;2&#8243; overlay_alpha=&#8220;50&#8243; shift_x=&#8220;0&#8243; shift_y=&#8220;0&#8243; shift_y_down=&#8220;0&#8243; z_index=&#8220;0&#8243; medium_width=&#8220;0&#8243; mobile_width=&#8220;0&#8243; width=&#8220;1\/1&#8243;][vc_single_image media=&#8220;85030&#8243; media_width_percent=&#8220;100&#8243;][\/vc_column_inner][\/vc_row_inner][vc_single_image media=&#8220;85034&#8243; media_width_percent=&#8220;100&#8243;][\/vc_column][\/vc_row][vc_row row_height_percent=&#8220;0&#8243; override_padding=&#8220;yes&#8220; h_padding=&#8220;2&#8243; top_padding=&#8220;2&#8243; bottom_padding=&#8220;2&#8243; overlay_alpha=&#8220;50&#8243; gutter_size=&#8220;3&#8243; column_width_percent=&#8220;100&#8243; shift_y=&#8220;0&#8243; z_index=&#8220;0&#8243; uncode_shortcode_id=&#8220;187097&#8243;][vc_column column_width_percent=&#8220;80&#8243; gutter_size=&#8220;0&#8243; overlay_alpha=&#8220;50&#8243; shift_x=&#8220;0&#8243; shift_y=&#8220;0&#8243; shift_y_down=&#8220;0&#8243; z_index=&#8220;0&#8243; medium_width=&#8220;0&#8243; mobile_width=&#8220;0&#8243; width=&#8220;1\/1&#8243; uncode_shortcode_id=&#8220;703625&#8243;][vc_empty_space empty_h=&#8220;2&#8243; mobile_visibility=&#8220;yes&#8220;][vc_column_text text_color=&#8220;color-jevc&#8220; uncode_shortcode_id=&#8220;106645&#8243; text_color_type=&#8220;uncode-palette&#8220;]Schon Werbe-Guru David Ogilvy wusste: Willst du Flugtickets verkaufen, bewirb keine Flugzeuge, sondern Flugziele. Also gestalteten wir zum Start der Ausflugs-Saison Brosch\u00fcren mit Ausflugstipps sowie Plakate und Anzeigen, die darauf hinweisen. Wie man dann nach Marbach oder Bad Buchau kommt? Am besten mit einer Tageskarte Gruppe![\/vc_column_text][vc_empty_space empty_h=&#8220;2&#8243; mobile_visibility=&#8220;yes&#8220;][\/vc_column][\/vc_row][vc_row row_height_percent=&#8220;0&#8243; override_padding=&#8220;yes&#8220; h_padding=&#8220;0&#8243; top_padding=&#8220;0&#8243; bottom_padding=&#8220;0&#8243; overlay_alpha=&#8220;50&#8243; gutter_size=&#8220;3&#8243; column_width_percent=&#8220;100&#8243; shift_y=&#8220;0&#8243; z_index=&#8220;0&#8243; uncode_shortcode_id=&#8220;110626&#8243;][vc_column column_width_percent=&#8220;100&#8243; align_horizontal=&#8220;align_right&#8220; gutter_size=&#8220;2&#8243; overlay_alpha=&#8220;50&#8243; shift_x=&#8220;0&#8243; shift_y=&#8220;0&#8243; shift_y_down=&#8220;0&#8243; z_index=&#8220;0&#8243; medium_width=&#8220;0&#8243; mobile_width=&#8220;0&#8243; width=&#8220;1\/1&#8243; uncode_shortcode_id=&#8220;620051&#8243;][vc_single_image media=&#8220;85113&#8243; media_width_percent=&#8220;100&#8243;][vc_row_inner row_inner_height_percent=&#8220;0&#8243; overlay_alpha=&#8220;50&#8243; gutter_size=&#8220;2&#8243; shift_y=&#8220;0&#8243; z_index=&#8220;0&#8243; limit_content=&#8220;&#8220; uncode_shortcode_id=&#8220;113673&#8243;][vc_column_inner width=&#8220;1\/2&#8243;][vc_single_image media=&#8220;85038&#8243; media_width_percent=&#8220;100&#8243;][\/vc_column_inner][vc_column_inner column_width_percent=&#8220;100&#8243; align_horizontal=&#8220;align_right&#8220; gutter_size=&#8220;2&#8243; overlay_alpha=&#8220;50&#8243; shift_x=&#8220;0&#8243; shift_y=&#8220;0&#8243; shift_y_down=&#8220;0&#8243; z_index=&#8220;0&#8243; medium_width=&#8220;0&#8243; mobile_width=&#8220;0&#8243; width=&#8220;1\/2&#8243;][vc_single_image media=&#8220;85040&#8243; media_width_percent=&#8220;100&#8243;][\/vc_column_inner][\/vc_row_inner][\/vc_column][\/vc_row][vc_row row_height_percent=&#8220;0&#8243; override_padding=&#8220;yes&#8220; h_padding=&#8220;2&#8243; top_padding=&#8220;2&#8243; bottom_padding=&#8220;2&#8243; overlay_alpha=&#8220;50&#8243; gutter_size=&#8220;3&#8243; column_width_percent=&#8220;100&#8243; shift_y=&#8220;0&#8243; z_index=&#8220;0&#8243; uncode_shortcode_id=&#8220;187097&#8243;][vc_column column_width_percent=&#8220;80&#8243; gutter_size=&#8220;0&#8243; overlay_alpha=&#8220;50&#8243; shift_x=&#8220;0&#8243; shift_y=&#8220;0&#8243; shift_y_down=&#8220;0&#8243; z_index=&#8220;0&#8243; medium_width=&#8220;0&#8243; mobile_width=&#8220;0&#8243; width=&#8220;1\/1&#8243; uncode_shortcode_id=&#8220;703625&#8243;][vc_empty_space empty_h=&#8220;2&#8243; mobile_visibility=&#8220;yes&#8220;][vc_column_text text_color=&#8220;color-jevc&#8220; uncode_shortcode_id=&#8220;612278&#8243; text_color_type=&#8220;uncode-palette&#8220;]Die HandyTicket-App verzeichnet als praktischer Fahrschein-Automat in der Hosentasche stetig steigende Nutzerzahlen. Um weniger technikaffine Passagiere auch davon zu \u00fcberzeugen, gestalteten wir eine Infobrosch\u00fcre und einen Film mit erkl\u00e4renden Illustrationen. Diese vermitteln eine \u201ekinderleichte\u201c Nutzung und bauen so Hemmschwellen ab.[\/vc_column_text][vc_empty_space empty_h=&#8220;2&#8243; mobile_visibility=&#8220;yes&#8220;][\/vc_column][\/vc_row][vc_row row_height_percent=&#8220;0&#8243; override_padding=&#8220;yes&#8220; h_padding=&#8220;0&#8243; top_padding=&#8220;0&#8243; bottom_padding=&#8220;0&#8243; overlay_alpha=&#8220;50&#8243; gutter_size=&#8220;3&#8243; column_width_percent=&#8220;100&#8243; shift_y=&#8220;0&#8243; z_index=&#8220;0&#8243; uncode_shortcode_id=&#8220;125213&#8243;][vc_column column_width_percent=&#8220;100&#8243; gutter_size=&#8220;2&#8243; overlay_alpha=&#8220;50&#8243; shift_x=&#8220;0&#8243; shift_y=&#8220;0&#8243; shift_y_down=&#8220;0&#8243; z_index=&#8220;0&#8243; medium_width=&#8220;0&#8243; mobile_width=&#8220;0&#8243; width=&#8220;1\/1&#8243; uncode_shortcode_id=&#8220;204969&#8243;][vc_single_image media=&#8220;85010&#8243; media_width_percent=&#8220;100&#8243;][vc_single_image media=&#8220;85043&#8243; media_width_percent=&#8220;100&#8243;][vc_row_inner row_inner_height_percent=&#8220;0&#8243; overlay_alpha=&#8220;50&#8243; gutter_size=&#8220;2&#8243; shift_y=&#8220;0&#8243; z_index=&#8220;0&#8243; limit_content=&#8220;&#8220; uncode_shortcode_id=&#8220;175456&#8243;][vc_column_inner column_width_percent=&#8220;100&#8243; align_horizontal=&#8220;align_right&#8220; gutter_size=&#8220;2&#8243; overlay_alpha=&#8220;50&#8243; shift_x=&#8220;0&#8243; shift_y=&#8220;0&#8243; shift_y_down=&#8220;0&#8243; z_index=&#8220;0&#8243; medium_width=&#8220;0&#8243; mobile_width=&#8220;0&#8243; width=&#8220;1\/2&#8243;][vc_single_image media=&#8220;87260&#8243; media_width_percent=&#8220;100&#8243;][\/vc_column_inner][vc_column_inner column_width_percent=&#8220;100&#8243; align_horizontal=&#8220;align_right&#8220; gutter_size=&#8220;2&#8243; overlay_alpha=&#8220;50&#8243; shift_x=&#8220;0&#8243; shift_y=&#8220;0&#8243; shift_y_down=&#8220;0&#8243; z_index=&#8220;0&#8243; medium_width=&#8220;0&#8243; mobile_width=&#8220;0&#8243; width=&#8220;1\/2&#8243;][vc_single_image media=&#8220;87258&#8243; media_width_percent=&#8220;100&#8243;][\/vc_column_inner][\/vc_row_inner][\/vc_column][\/vc_row][vc_row row_height_percent=&#8220;0&#8243; override_padding=&#8220;yes&#8220; h_padding=&#8220;2&#8243; top_padding=&#8220;0&#8243; bottom_padding=&#8220;0&#8243; overlay_alpha=&#8220;50&#8243; gutter_size=&#8220;3&#8243; column_width_percent=&#8220;100&#8243; shift_y=&#8220;0&#8243; z_index=&#8220;0&#8243; uncode_shortcode_id=&#8220;508112&#8243;][vc_column width=&#8220;1\/1&#8243;][vc_empty_space empty_h=&#8220;2&#8243; medium_visibility=&#8220;yes&#8220; mobile_visibility=&#8220;yes&#8220;][\/vc_column][\/vc_row][vc_row row_height_percent=&#8220;0&#8243; override_padding=&#8220;yes&#8220; h_padding=&#8220;2&#8243; top_padding=&#8220;2&#8243; bottom_padding=&#8220;2&#8243; overlay_alpha=&#8220;50&#8243; gutter_size=&#8220;4&#8243; column_width_percent=&#8220;100&#8243; shift_y=&#8220;0&#8243; z_index=&#8220;0&#8243;][vc_column column_width_percent=&#8220;100&#8243; gutter_size=&#8220;3&#8243; overlay_alpha=&#8220;50&#8243; shift_x=&#8220;0&#8243; shift_y=&#8220;0&#8243; shift_y_down=&#8220;0&#8243; z_index=&#8220;0&#8243; medium_width=&#8220;0&#8243; mobile_width=&#8220;0&#8243; width=&#8220;2\/3&#8243;][vc_column_text text_color=&#8220;color-jevc&#8220; uncode_shortcode_id=&#8220;226130&#8243; text_color_type=&#8220;uncode-palette&#8220;]<strong>\/ UNSER KUNDE<\/strong><\/p>\n<p>Die Donau-Iller-Nahverkehrsverbund-GmbH \u2013 kurz: DING \u2013 organisiert den Nahverkehr in Ulm und den Landkreisen Neu-Ulm, Alb-Donau und Biberach. Er ist als einer der gro\u00dfen Verb\u00fcnde im S\u00fcden Mobilit\u00e4ts-Dienstleister f\u00fcr \u00fcber 650.000 Einwohner. Mit innovativem Tarif und fr\u00fchzeitiger Verfolgung digitaler Strategien verfolgt DING die Fortentwicklung zeitgem\u00e4\u00dfer Mobilit\u00e4tsangebote. Gem\u00e4\u00df dem von uns 2002 erdachten Claim: \u201eEinfach besser fahren\u201c.[\/vc_column_text][\/vc_column][vc_column column_width_percent=&#8220;100&#8243; gutter_size=&#8220;2&#8243; overlay_alpha=&#8220;50&#8243; shift_x=&#8220;0&#8243; shift_y=&#8220;0&#8243; shift_y_down=&#8220;0&#8243; z_index=&#8220;0&#8243; medium_width=&#8220;0&#8243; mobile_width=&#8220;0&#8243; width=&#8220;1\/3&#8243;][vc_column_text text_color=&#8220;color-jevc&#8220; uncode_shortcode_id=&#8220;361722&#8243; text_color_type=&#8220;uncode-palette&#8220;]<strong>\/ UNSERE LEISTUNGEN<br \/>\n<\/strong>[\/vc_column_text][vc_column_text text_color=&#8220;color-jevc&#8220; uncode_shortcode_id=&#8220;102472&#8243; text_color_type=&#8220;uncode-palette&#8220;]<\/p>\n<ul>\n<li>Beratung<\/li>\n<li>Konzeption<\/li>\n<li>Text<\/li>\n<li>Fotografie<\/li>\n<li>Kampagnen<\/li>\n<li>Gro\u00dffl\u00e4chenplakate<\/li>\n<li>Citylightposter<\/li>\n<li>Werbefolder<\/li>\n<li>Social-Media-Motive<\/li>\n<li>Webbanner<\/li>\n<li>Erkl\u00e4rfilme<\/li>\n<li>Kurzvideos f\u00fcr Fahrgast-TV<\/li>\n<li>Radiospots<\/li>\n<li>Mailings<\/li>\n<li>Werbemittel<\/li>\n<\/ul>\n<p>[\/vc_column_text][\/vc_column][\/vc_row]<\/p>\n<\/section>","protected":false},"excerpt":{"rendered":"<p>[vc_row row_height_percent=&#8220;0&#8243; override_padding=&#8220;yes&#8220; h_padding=&#8220;2&#8243; top_padding=&#8220;3&#8243; bottom_padding=&#8220;2&#8243; overlay_alpha=&#8220;50&#8243; gutter_size=&#8220;3&#8243; column_width_percent=&#8220;100&#8243; shift_y=&#8220;0&#8243; z_index=&#8220;0&#8243;][vc_column column_width_percent=&#8220;80&#8243; gutter_size=&#8220;2&#8243; overlay_alpha=&#8220;50&#8243; shift_x=&#8220;0&#8243; shift_y=&#8220;0&#8243; shift_y_down=&#8220;0&#8243; z_index=&#8220;0&#8243; medium_width=&#8220;0&#8243; mobile_width=&#8220;0&#8243; [&hellip;]<\/p>\n","protected":false},"author":1,"featured_media":84994,"parent":0,"menu_order":0,"comment_status":"open","ping_status":"open","template":"","meta":[],"portfolio_category":[82],"_links":{"self":[{"href":"https:\/\/bertsche-spiegel.de\/index.php\/wp-json\/wp\/v2\/portfolio\/85182"}],"collection":[{"href":"https:\/\/bertsche-spiegel.de\/index.php\/wp-json\/wp\/v2\/portfolio"}],"about":[{"href":"https:\/\/bertsche-spiegel.de\/index.php\/wp-json\/wp\/v2\/types\/portfolio"}],"author":[{"embeddable":true,"href":"https:\/\/bertsche-spiegel.de\/index.php\/wp-json\/wp\/v2\/users\/1"}],"replies":[{"embeddable":true,"href":"https:\/\/bertsche-spiegel.de\/index.php\/wp-json\/wp\/v2\/comments?post=85182"}],"version-history":[{"count":52,"href":"https:\/\/bertsche-spiegel.de\/index.php\/wp-json\/wp\/v2\/portfolio\/85182\/revisions"}],"predecessor-version":[{"id":118315,"href":"https:\/\/bertsche-spiegel.de\/index.php\/wp-json\/wp\/v2\/portfolio\/85182\/revisions\/118315"}],"wp:featuredmedia":[{"embeddable":true,"href":"https:\/\/bertsche-spiegel.de\/index.php\/wp-json\/wp\/v2\/media\/84994"}],"wp:attachment":[{"href":"https:\/\/bertsche-spiegel.de\/index.php\/wp-json\/wp\/v2\/media?parent=85182"}],"wp:term":[{"taxonomy":"portfolio_category","embeddable":true,"href":"https:\/\/bertsche-spiegel.de\/index.php\/wp-json\/wp\/v2\/portfolio_category?post=85182"}],"curies":[{"name":"wp","href":"https:\/\/api.w.org\/{rel}","templated":true}]}}