{"id":84195,"date":"2020-09-15T15:58:40","date_gmt":"2020-09-15T13:58:40","guid":{"rendered":"http:\/\/localhost:8888\/BS%20Design%20Agentur\/?post_type=portfolio&#038;p=84195"},"modified":"2023-02-01T22:30:10","modified_gmt":"2023-02-01T21:30:10","slug":"kulturpunkt-ulm","status":"publish","type":"portfolio","link":"https:\/\/bertsche-spiegel.de\/index.php\/portfolio\/kulturpunkt-ulm\/","title":{"rendered":"Kulturpunkt Ulm \/ Erscheinungsbild und Werbema\u00dfnahmen"},"content":{"rendered":"<section class=\"wpb-content-wrapper\"><p>[vc_row row_height_percent=&#8220;0&#8243; override_padding=&#8220;yes&#8220; h_padding=&#8220;2&#8243; top_padding=&#8220;3&#8243; bottom_padding=&#8220;2&#8243; overlay_alpha=&#8220;50&#8243; gutter_size=&#8220;3&#8243; column_width_percent=&#8220;100&#8243; shift_y=&#8220;0&#8243; z_index=&#8220;0&#8243;][vc_column column_width_percent=&#8220;80&#8243; gutter_size=&#8220;2&#8243; overlay_alpha=&#8220;50&#8243; shift_x=&#8220;0&#8243; shift_y=&#8220;0&#8243; shift_y_down=&#8220;0&#8243; z_index=&#8220;0&#8243; medium_width=&#8220;0&#8243; mobile_width=&#8220;0&#8243; width=&#8220;1\/1&#8243; uncode_shortcode_id=&#8220;914100&#8243;][vc_custom_heading heading_semantic=&#8220;h5&#8243; text_font=&#8220;font-593334&#8243; text_size=&#8220;h6&#8243; text_weight=&#8220;300&#8243; text_transform=&#8220;uppercase&#8220; uncode_shortcode_id=&#8220;123952&#8243;]\/ Stadt Ulm[\/vc_custom_heading][vc_custom_heading heading_semantic=&#8220;h3&#8243; text_font=&#8220;font-593334&#8243; text_weight=&#8220;600&#8243; text_transform=&#8220;uppercase&#8220; text_height=&#8220;fontheight-161249&#8243; text_space=&#8220;fontspace-781688&#8243; uncode_shortcode_id=&#8220;173266&#8243;]Kultur! Punkt.[\/vc_custom_heading][vc_empty_space empty_h=&#8220;2&#8243; mobile_visibility=&#8220;yes&#8220;][\/vc_column][\/vc_row][vc_row row_height_percent=&#8220;0&#8243; override_padding=&#8220;yes&#8220; h_padding=&#8220;0&#8243; top_padding=&#8220;0&#8243; bottom_padding=&#8220;0&#8243; overlay_alpha=&#8220;50&#8243; gutter_size=&#8220;3&#8243; column_width_percent=&#8220;100&#8243; shift_y=&#8220;0&#8243; z_index=&#8220;0&#8243; uncode_shortcode_id=&#8220;169463&#8243;][vc_column column_width_percent=&#8220;100&#8243; gutter_size=&#8220;2&#8243; overlay_alpha=&#8220;50&#8243; shift_x=&#8220;0&#8243; shift_y=&#8220;0&#8243; shift_y_down=&#8220;0&#8243; z_index=&#8220;0&#8243; medium_width=&#8220;0&#8243; mobile_width=&#8220;0&#8243; width=&#8220;1\/1&#8243; uncode_shortcode_id=&#8220;517991&#8243;][vc_single_image media=&#8220;85568&#8243; media_width_percent=&#8220;100&#8243; uncode_shortcode_id=&#8220;100090&#8243;][vc_row_inner row_inner_height_percent=&#8220;0&#8243; overlay_alpha=&#8220;50&#8243; gutter_size=&#8220;2&#8243; shift_y=&#8220;0&#8243; z_index=&#8220;0&#8243; limit_content=&#8220;&#8220; uncode_shortcode_id=&#8220;996496&#8243;][vc_column_inner column_width_percent=&#8220;100&#8243; gutter_size=&#8220;3&#8243; overlay_alpha=&#8220;50&#8243; shift_x=&#8220;0&#8243; shift_y=&#8220;0&#8243; shift_y_down=&#8220;0&#8243; z_index=&#8220;0&#8243; medium_width=&#8220;0&#8243; mobile_width=&#8220;0&#8243; width=&#8220;1\/2&#8243; uncode_shortcode_id=&#8220;751936&#8243;][vc_single_image media=&#8220;84449&#8243; media_width_percent=&#8220;100&#8243; uncode_shortcode_id=&#8220;137969&#8243;][\/vc_column_inner][vc_column_inner column_width_percent=&#8220;100&#8243; gutter_size=&#8220;3&#8243; overlay_alpha=&#8220;50&#8243; shift_x=&#8220;0&#8243; shift_y=&#8220;0&#8243; shift_y_down=&#8220;0&#8243; z_index=&#8220;0&#8243; medium_width=&#8220;0&#8243; mobile_width=&#8220;0&#8243; width=&#8220;1\/2&#8243; uncode_shortcode_id=&#8220;113268&#8243;][vc_single_image media=&#8220;84451&#8243; media_width_percent=&#8220;100&#8243;][\/vc_column_inner][\/vc_row_inner][vc_column_text text_lead=&#8220;small&#8220; uncode_shortcode_id=&#8220;376500&#8243; css=&#8220;.vc_custom_1675166360188{margin-right: 20px !important;}&#8220;]<\/p>\n<p style=\"text-align: right;\"><em>Unsere Masken in der ganzen Stadt<br \/>\n<\/em>[\/vc_column_text][\/vc_column][\/vc_row][vc_row row_height_percent=&#8220;0&#8243; override_padding=&#8220;yes&#8220; h_padding=&#8220;2&#8243; top_padding=&#8220;2&#8243; bottom_padding=&#8220;2&#8243; overlay_alpha=&#8220;50&#8243; gutter_size=&#8220;3&#8243; column_width_percent=&#8220;100&#8243; shift_y=&#8220;0&#8243; z_index=&#8220;0&#8243; uncode_shortcode_id=&#8220;148072&#8243;][vc_column column_width_percent=&#8220;80&#8243; gutter_size=&#8220;0&#8243; overlay_alpha=&#8220;50&#8243; shift_x=&#8220;0&#8243; shift_y=&#8220;0&#8243; shift_y_down=&#8220;0&#8243; z_index=&#8220;0&#8243; medium_width=&#8220;0&#8243; mobile_width=&#8220;0&#8243; width=&#8220;1\/1&#8243; uncode_shortcode_id=&#8220;114176&#8243;][vc_empty_space empty_h=&#8220;1&#8243; mobile_visibility=&#8220;yes&#8220;][vc_column_text text_color=&#8220;color-jevc&#8220; uncode_shortcode_id=&#8220;157680&#8243; text_color_type=&#8220;uncode-palette&#8220;]<strong>Konzept, Erscheinungsbild und Werbema\u00dfnahmen<\/strong><\/p>\n<p>Der Ulmer Gemeinderat gab den Auftrag, die st\u00e4dtischen Kultureinrichtungen verst\u00e4rkt zu bewerben und neue Zielgruppen zu erschlie\u00dfen. Im Rahmen eines Wettbewerbs setzten wir uns durch mit der Idee des \u201ekulturpunkt ulm\u201c. Dieser kennzeichnet als Qualit\u00e4tssiegel Anbieter und Einrichtungen, etwa als konkreter Punkt im jeweiligen Eingangsbereich oder als Punkte im Stadtplan. Die Einf\u00fchrung erfolgte durch eine Guerillaaktion, bei der stellvertretende, bekannte K\u00fcnstler oder Prominente Einrichtungen wie die Musikschule (Bach, Elvis Presley), das Stadtarchiv (Napoleon, Einstein) oder das Museum (Picasso, Beuys) repr\u00e4sentieren. Diese Personen sind nicht willk\u00fcrlich gew\u00e4hlt \u2013 im Museum Ulm finden sich entsprechende Arbeiten von Beuys oder Picasso.<\/p>\n<p>F\u00fcr die anschlie\u00dfende Werbekampagne fotografierten wir Besucher der Einrichtungen mit K\u00fcnstler-Masken. Das sorgt f\u00fcr einen Hingucker und machte es den abgelichteten Personen leicht, spontan mitzuwirken. Eine Stempel-Aktion (bei der es darum ging, Einrichtungen zu besuchen und Stempelpunkte zu sammeln) sowie eine Website mit allen Einrichtungen vervollst\u00e4ndigte die Einf\u00fchrungsphase.[\/vc_column_text][\/vc_column][\/vc_row][vc_row row_height_percent=&#8220;0&#8243; override_padding=&#8220;yes&#8220; h_padding=&#8220;0&#8243; top_padding=&#8220;0&#8243; bottom_padding=&#8220;0&#8243; overlay_alpha=&#8220;50&#8243; gutter_size=&#8220;3&#8243; column_width_percent=&#8220;100&#8243; shift_y=&#8220;0&#8243; z_index=&#8220;0&#8243; uncode_shortcode_id=&#8220;828130&#8243;][vc_column column_width_percent=&#8220;100&#8243; gutter_size=&#8220;2&#8243; overlay_alpha=&#8220;50&#8243; shift_x=&#8220;0&#8243; shift_y=&#8220;0&#8243; shift_y_down=&#8220;0&#8243; z_index=&#8220;0&#8243; medium_width=&#8220;0&#8243; mobile_width=&#8220;0&#8243; width=&#8220;1\/1&#8243; uncode_shortcode_id=&#8220;202339&#8243;][vc_single_image media=&#8220;86632&#8243; media_width_percent=&#8220;70&#8243; alignment=&#8220;center&#8220; uncode_shortcode_id=&#8220;587914&#8243;][vc_row_inner row_inner_height_percent=&#8220;0&#8243; overlay_alpha=&#8220;50&#8243; gutter_size=&#8220;2&#8243; shift_y=&#8220;0&#8243; z_index=&#8220;0&#8243; limit_content=&#8220;&#8220; uncode_shortcode_id=&#8220;112002&#8243;][vc_column_inner width=&#8220;1\/2&#8243;][vc_single_image media=&#8220;84467&#8243; media_width_percent=&#8220;100&#8243;][\/vc_column_inner][vc_column_inner width=&#8220;1\/2&#8243;][vc_single_image media=&#8220;86633&#8243; media_width_percent=&#8220;100&#8243;][\/vc_column_inner][\/vc_row_inner][vc_single_image media=&#8220;84470&#8243; media_width_percent=&#8220;100&#8243;][\/vc_column][\/vc_row][vc_row row_height_percent=&#8220;0&#8243; override_padding=&#8220;yes&#8220; h_padding=&#8220;2&#8243; top_padding=&#8220;2&#8243; bottom_padding=&#8220;2&#8243; overlay_alpha=&#8220;50&#8243; gutter_size=&#8220;3&#8243; column_width_percent=&#8220;100&#8243; shift_y=&#8220;0&#8243; z_index=&#8220;0&#8243; uncode_shortcode_id=&#8220;187097&#8243;][vc_column column_width_percent=&#8220;80&#8243; gutter_size=&#8220;0&#8243; overlay_alpha=&#8220;50&#8243; shift_x=&#8220;0&#8243; shift_y=&#8220;0&#8243; shift_y_down=&#8220;0&#8243; z_index=&#8220;0&#8243; medium_width=&#8220;0&#8243; mobile_width=&#8220;0&#8243; width=&#8220;1\/1&#8243; uncode_shortcode_id=&#8220;703625&#8243;][vc_empty_space empty_h=&#8220;2&#8243; mobile_visibility=&#8220;yes&#8220;][vc_column_text text_color=&#8220;color-jevc&#8220; uncode_shortcode_id=&#8220;716446&#8243; text_color_type=&#8220;uncode-palette&#8220;]Weitere Kampagnenstufen und Aktionen folgten \u2013 etwa eine Fotoaktion oder ein Info- und Event-Pavillon auf dem M\u00fcnsterplatz. Der kulturpunkt erwies sich dabei als vielseitig einsetzbar und sorgte f\u00fcr einen einfachen und ansprechenden Zugang zu den Kulturangeboten auch f\u00fcr ansonsten weniger kulturaffine Zielgruppen.[\/vc_column_text][vc_empty_space empty_h=&#8220;2&#8243; mobile_visibility=&#8220;yes&#8220;][\/vc_column][\/vc_row][vc_row row_height_percent=&#8220;0&#8243; override_padding=&#8220;yes&#8220; h_padding=&#8220;0&#8243; top_padding=&#8220;0&#8243; bottom_padding=&#8220;0&#8243; overlay_alpha=&#8220;50&#8243; gutter_size=&#8220;3&#8243; column_width_percent=&#8220;100&#8243; shift_y=&#8220;0&#8243; z_index=&#8220;0&#8243; uncode_shortcode_id=&#8220;124784&#8243;][vc_column column_width_percent=&#8220;100&#8243; gutter_size=&#8220;2&#8243; overlay_alpha=&#8220;50&#8243; shift_x=&#8220;0&#8243; shift_y=&#8220;0&#8243; shift_y_down=&#8220;0&#8243; z_index=&#8220;0&#8243; medium_width=&#8220;0&#8243; mobile_width=&#8220;0&#8243; width=&#8220;1\/1&#8243; uncode_shortcode_id=&#8220;120239&#8243;][vc_single_image media=&#8220;84448&#8243; media_width_percent=&#8220;100&#8243;][vc_row_inner row_inner_height_percent=&#8220;0&#8243; overlay_alpha=&#8220;50&#8243; gutter_size=&#8220;2&#8243; shift_y=&#8220;0&#8243; z_index=&#8220;0&#8243; limit_content=&#8220;&#8220; uncode_shortcode_id=&#8220;108265&#8243;][vc_column_inner width=&#8220;1\/2&#8243;][vc_single_image media=&#8220;84462&#8243; media_width_percent=&#8220;100&#8243;][\/vc_column_inner][vc_column_inner width=&#8220;1\/2&#8243;][vc_single_image media=&#8220;84465&#8243; media_width_percent=&#8220;100&#8243;][\/vc_column_inner][\/vc_row_inner][vc_single_image media=&#8220;84454&#8243; media_width_percent=&#8220;100&#8243;][vc_row_inner limit_content=&#8220;&#8220;][vc_column_inner width=&#8220;1\/2&#8243;][\/vc_column_inner][vc_column_inner width=&#8220;1\/2&#8243;][vc_single_image media=&#8220;84457&#8243; media_width_percent=&#8220;100&#8243;][\/vc_column_inner][\/vc_row_inner][\/vc_column][\/vc_row][vc_row row_height_percent=&#8220;0&#8243; override_padding=&#8220;yes&#8220; h_padding=&#8220;0&#8243; top_padding=&#8220;0&#8243; bottom_padding=&#8220;0&#8243; overlay_alpha=&#8220;50&#8243; gutter_size=&#8220;3&#8243; column_width_percent=&#8220;100&#8243; shift_y=&#8220;0&#8243; z_index=&#8220;0&#8243; uncode_shortcode_id=&#8220;122742&#8243;][vc_column column_width_percent=&#8220;100&#8243; gutter_size=&#8220;3&#8243; overlay_alpha=&#8220;50&#8243; shift_x=&#8220;0&#8243; shift_y=&#8220;0&#8243; shift_y_down=&#8220;0&#8243; z_index=&#8220;0&#8243; medium_width=&#8220;0&#8243; mobile_width=&#8220;0&#8243; width=&#8220;1\/1&#8243;][vc_empty_space empty_h=&#8220;2&#8243;][\/vc_column][\/vc_row][vc_row row_height_percent=&#8220;0&#8243; override_padding=&#8220;yes&#8220; h_padding=&#8220;2&#8243; top_padding=&#8220;2&#8243; bottom_padding=&#8220;2&#8243; overlay_alpha=&#8220;50&#8243; gutter_size=&#8220;4&#8243; column_width_percent=&#8220;100&#8243; shift_y=&#8220;0&#8243; z_index=&#8220;0&#8243;][vc_column column_width_percent=&#8220;100&#8243; gutter_size=&#8220;3&#8243; overlay_alpha=&#8220;50&#8243; shift_x=&#8220;0&#8243; shift_y=&#8220;0&#8243; shift_y_down=&#8220;0&#8243; z_index=&#8220;0&#8243; medium_width=&#8220;0&#8243; mobile_width=&#8220;0&#8243; width=&#8220;2\/3&#8243;][vc_column_text text_color=&#8220;color-jevc&#8220; uncode_shortcode_id=&#8220;189576&#8243; text_color_type=&#8220;uncode-palette&#8220;]<strong>\/ UNSER KUNDE<\/strong><\/p>\n<p>Die Kulturabteilung der Stadt Ulm ist nicht nur Bindeglied zwischen Stadtverwaltung und Kulturszene, sondern initiiert selbst regelm\u00e4\u00dfig Projekte, Aktionen und Veranstaltungen. Der von uns entwickelte kulturpunkt ulm wurde im Zug der Zusammenlegung mehrerer Websites zur neuen Adresse www.kultur-in-ulm.de mittlerweile in die neue Marke \u201ekultur in ulm\u201c \u00fcberf\u00fchrt.[\/vc_column_text][\/vc_column][vc_column column_width_percent=&#8220;100&#8243; gutter_size=&#8220;2&#8243; overlay_alpha=&#8220;50&#8243; shift_x=&#8220;0&#8243; shift_y=&#8220;0&#8243; shift_y_down=&#8220;0&#8243; z_index=&#8220;0&#8243; medium_width=&#8220;0&#8243; mobile_width=&#8220;0&#8243; width=&#8220;1\/3&#8243;][vc_column_text text_color=&#8220;color-jevc&#8220; uncode_shortcode_id=&#8220;683407&#8243; text_color_type=&#8220;uncode-palette&#8220;]<strong>\/ UNSERE LEISTUNGEN<br \/>\n<\/strong>[\/vc_column_text][vc_column_text text_color=&#8220;color-jevc&#8220; uncode_shortcode_id=&#8220;176681&#8243; text_color_type=&#8220;uncode-palette&#8220;]<\/p>\n<ul>\n<li>Konzeption<\/li>\n<li>Logoentwicklung<\/li>\n<li>Branding<\/li>\n<li>Guerillaaktion<\/li>\n<li>Werbeaktion<\/li>\n<li>Fotografie<\/li>\n<li>Plakatkampagnen<\/li>\n<li>Website<\/li>\n<li>Postkarten, Aufkleber<\/li>\n<li>Werbeartikel<\/li>\n<\/ul>\n<p>[\/vc_column_text][\/vc_column][\/vc_row]<\/p>\n<\/section>","protected":false},"excerpt":{"rendered":"<p>[vc_row row_height_percent=&#8220;0&#8243; override_padding=&#8220;yes&#8220; h_padding=&#8220;2&#8243; top_padding=&#8220;3&#8243; bottom_padding=&#8220;2&#8243; overlay_alpha=&#8220;50&#8243; gutter_size=&#8220;3&#8243; column_width_percent=&#8220;100&#8243; shift_y=&#8220;0&#8243; z_index=&#8220;0&#8243;][vc_column column_width_percent=&#8220;80&#8243; gutter_size=&#8220;2&#8243; overlay_alpha=&#8220;50&#8243; shift_x=&#8220;0&#8243; shift_y=&#8220;0&#8243; shift_y_down=&#8220;0&#8243; z_index=&#8220;0&#8243; medium_width=&#8220;0&#8243; mobile_width=&#8220;0&#8243; [&hellip;]<\/p>\n","protected":false},"author":1,"featured_media":85568,"parent":0,"menu_order":0,"comment_status":"open","ping_status":"open","template":"","meta":[],"portfolio_category":[81],"_links":{"self":[{"href":"https:\/\/bertsche-spiegel.de\/index.php\/wp-json\/wp\/v2\/portfolio\/84195"}],"collection":[{"href":"https:\/\/bertsche-spiegel.de\/index.php\/wp-json\/wp\/v2\/portfolio"}],"about":[{"href":"https:\/\/bertsche-spiegel.de\/index.php\/wp-json\/wp\/v2\/types\/portfolio"}],"author":[{"embeddable":true,"href":"https:\/\/bertsche-spiegel.de\/index.php\/wp-json\/wp\/v2\/users\/1"}],"replies":[{"embeddable":true,"href":"https:\/\/bertsche-spiegel.de\/index.php\/wp-json\/wp\/v2\/comments?post=84195"}],"version-history":[{"count":50,"href":"https:\/\/bertsche-spiegel.de\/index.php\/wp-json\/wp\/v2\/portfolio\/84195\/revisions"}],"predecessor-version":[{"id":118279,"href":"https:\/\/bertsche-spiegel.de\/index.php\/wp-json\/wp\/v2\/portfolio\/84195\/revisions\/118279"}],"wp:featuredmedia":[{"embeddable":true,"href":"https:\/\/bertsche-spiegel.de\/index.php\/wp-json\/wp\/v2\/media\/85568"}],"wp:attachment":[{"href":"https:\/\/bertsche-spiegel.de\/index.php\/wp-json\/wp\/v2\/media?parent=84195"}],"wp:term":[{"taxonomy":"portfolio_category","embeddable":true,"href":"https:\/\/bertsche-spiegel.de\/index.php\/wp-json\/wp\/v2\/portfolio_category?post=84195"}],"curies":[{"name":"wp","href":"https:\/\/api.w.org\/{rel}","templated":true}]}}