{"id":82891,"date":"2020-08-02T17:50:35","date_gmt":"2020-08-02T15:50:35","guid":{"rendered":"http:\/\/localhost:8888\/BS%20Design%20Agentur\/?page_id=82891"},"modified":"2023-02-28T15:58:44","modified_gmt":"2023-02-28T14:58:44","slug":"agentur","status":"publish","type":"page","link":"https:\/\/bertsche-spiegel.de\/index.php\/agentur\/","title":{"rendered":"Agentur"},"content":{"rendered":"<section class=\"wpb-content-wrapper\"><p>[vc_row row_height_percent=&#8220;0&#8243; override_padding=&#8220;yes&#8220; h_padding=&#8220;2&#8243; top_padding=&#8220;3&#8243; bottom_padding=&#8220;0&#8243; overlay_alpha=&#8220;50&#8243; gutter_size=&#8220;3&#8243; column_width_percent=&#8220;100&#8243; shift_y=&#8220;0&#8243; z_index=&#8220;0&#8243;][vc_column column_width_percent=&#8220;80&#8243; gutter_size=&#8220;3&#8243; overlay_alpha=&#8220;50&#8243; shift_x=&#8220;0&#8243; shift_y=&#8220;0&#8243; shift_y_down=&#8220;0&#8243; z_index=&#8220;0&#8243; medium_width=&#8220;0&#8243; mobile_width=&#8220;0&#8243; css_animation=&#8220;bottom-t-top&#8220; width=&#8220;1\/1&#8243; uncode_shortcode_id=&#8220;846379&#8243;][vc_custom_heading text_color=&#8220;color-jevc&#8220; heading_semantic=&#8220;h4&#8243; text_font=&#8220;font-202503&#8243; text_size=&#8220;h4&#8243; text_weight=&#8220;600&#8243; text_italic=&#8220;yes&#8220; sub_reduced=&#8220;yes&#8220; uncode_shortcode_id=&#8220;999961&#8243; text_color_type=&#8220;uncode-palette&#8220;]Design \/[\/vc_custom_heading][\/vc_column][\/vc_row][vc_row row_height_percent=&#8220;0&#8243; override_padding=&#8220;yes&#8220; h_padding=&#8220;2&#8243; top_padding=&#8220;0&#8243; bottom_padding=&#8220;0&#8243; overlay_alpha=&#8220;50&#8243; gutter_size=&#8220;3&#8243; column_width_percent=&#8220;100&#8243; shift_y=&#8220;0&#8243; z_index=&#8220;0&#8243;][vc_column column_width_percent=&#8220;80&#8243; gutter_size=&#8220;3&#8243; overlay_alpha=&#8220;50&#8243; shift_x=&#8220;0&#8243; shift_y=&#8220;0&#8243; shift_y_down=&#8220;0&#8243; z_index=&#8220;0&#8243; medium_width=&#8220;0&#8243; mobile_width=&#8220;0&#8243; css_animation=&#8220;bottom-t-top&#8220; width=&#8220;1\/1&#8243; uncode_shortcode_id=&#8220;156686&#8243;][vc_custom_heading text_color=&#8220;color-rgdb&#8220; heading_semantic=&#8220;h1&#8243; text_font=&#8220;font-244496&#8243; text_size=&#8220;h1&#8243; text_weight=&#8220;600&#8243; text_transform=&#8220;uppercase&#8220; text_space=&#8220;fontspace-781688&#8243; uncode_shortcode_id=&#8220;202981&#8243; text_color_type=&#8220;uncode-palette&#8220;]Agentur[\/vc_custom_heading][\/vc_column][\/vc_row][vc_row row_height_percent=&#8220;0&#8243; override_padding=&#8220;yes&#8220; h_padding=&#8220;0&#8243; top_padding=&#8220;0&#8243; bottom_padding=&#8220;0&#8243; overlay_alpha=&#8220;50&#8243; gutter_size=&#8220;3&#8243; column_width_percent=&#8220;100&#8243; shift_y=&#8220;0&#8243; z_index=&#8220;0&#8243; uncode_shortcode_id=&#8220;171660&#8243;][vc_column column_width_percent=&#8220;100&#8243; gutter_size=&#8220;2&#8243; overlay_alpha=&#8220;50&#8243; shift_x=&#8220;0&#8243; shift_y=&#8220;0&#8243; shift_y_down=&#8220;0&#8243; z_index=&#8220;0&#8243; medium_width=&#8220;0&#8243; mobile_width=&#8220;0&#8243; css_animation=&#8220;bottom-t-top&#8220; animation_delay=&#8220;200&#8243; width=&#8220;1\/1&#8243; uncode_shortcode_id=&#8220;202810&#8243;][vc_empty_space empty_h=&#8220;2&#8243; mobile_visibility=&#8220;yes&#8220;][vc_row_inner row_inner_height_percent=&#8220;0&#8243; overlay_alpha=&#8220;50&#8243; gutter_size=&#8220;2&#8243; shift_y=&#8220;0&#8243; z_index=&#8220;0&#8243; limit_content=&#8220;&#8220;][vc_column_inner width=&#8220;1\/2&#8243;][vc_single_image media=&#8220;86715&#8243; media_width_percent=&#8220;100&#8243; uncode_shortcode_id=&#8220;631563&#8243;][\/vc_column_inner][vc_column_inner width=&#8220;1\/2&#8243;][vc_single_image media=&#8220;86714&#8243; media_width_percent=&#8220;100&#8243; uncode_shortcode_id=&#8220;142794&#8243;][\/vc_column_inner][\/vc_row_inner][\/vc_column][\/vc_row][vc_row row_height_percent=&#8220;0&#8243; override_padding=&#8220;yes&#8220; h_padding=&#8220;2&#8243; top_padding=&#8220;2&#8243; bottom_padding=&#8220;3&#8243; overlay_alpha=&#8220;50&#8243; gutter_size=&#8220;3&#8243; column_width_percent=&#8220;100&#8243; shift_y=&#8220;0&#8243; z_index=&#8220;0&#8243; uncode_shortcode_id=&#8220;108366&#8243;][vc_column column_width_percent=&#8220;80&#8243; gutter_size=&#8220;2&#8243; overlay_alpha=&#8220;50&#8243; shift_x=&#8220;0&#8243; shift_y=&#8220;0&#8243; shift_y_down=&#8220;0&#8243; z_index=&#8220;0&#8243; medium_width=&#8220;0&#8243; mobile_width=&#8220;0&#8243; css_animation=&#8220;bottom-t-top&#8220; animation_delay=&#8220;400&#8243; width=&#8220;1\/1&#8243; uncode_shortcode_id=&#8220;222997&#8243;][vc_empty_space empty_h=&#8220;2&#8243; mobile_visibility=&#8220;yes&#8220;][vc_empty_space empty_h=&#8220;2&#8243; mobile_visibility=&#8220;yes&#8220;][vc_custom_heading text_font=&#8220;font-202503&#8243; text_size=&#8220;h4&#8243; text_italic=&#8220;yes&#8220; separator=&#8220;yes&#8220; uncode_shortcode_id=&#8220;537770&#8243;]Kreativ. Erfahren. Zuverl\u00e4ssig.[\/vc_custom_heading][vc_column_text text_color=&#8220;color-jevc&#8220; uncode_shortcode_id=&#8220;341690&#8243; text_color_type=&#8220;uncode-palette&#8220;]Bertsche und Spiegel ist ein kleines, motiviertes Team aus Kommunikations-Designern. Wir verstehen uns gemeinsam mit unseren Kunden als Team, dessen Ziel der gemeinsame Erfolg ist. Wir denken uns ein, wahren aber den Blick von au\u00dfen, bringen Erfahrung mit und liefern kreative L\u00f6sungen, die praktikabel und umsetzbar sind \u2013 und behalten dabei den Kostenrahmen im Auge. Wir arbeiten t\u00e4glich daran, unseren Kunden die beste Betreuung und die besten Resultate zu bieten. Viele langj\u00e4hrige Gesch\u00e4ftsbeziehungen zeigen, dass dies auch regelm\u00e4\u00dfig gelingt.[\/vc_column_text][vc_empty_space empty_h=&#8220;2&#8243; mobile_visibility=&#8220;yes&#8220;][vc_empty_space empty_h=&#8220;2&#8243;][vc_custom_heading text_font=&#8220;font-202503&#8243; text_size=&#8220;h4&#8243; text_italic=&#8220;yes&#8220; uncode_shortcode_id=&#8220;101265&#8243;]Kundenstimmen[\/vc_custom_heading][vc_empty_space empty_h=&#8220;2&#8243; mobile_visibility=&#8220;yes&#8220;][vc_accordion typography=&#8220;yes&#8220; sign=&#8220;plus&#8220;][vc_accordion_tab icon=&#8220;fa fa-bubble&#8220; gutter_size=&#8220;2&#8243; column_padding=&#8220;2&#8243; title=&#8220;ulmer heimst\u00e4tte&#8220; tab_id=&#8220;1675262963-1-41&#8243;][vc_row_inner row_inner_height_percent=&#8220;0&#8243; overlay_alpha=&#8220;50&#8243; gutter_size=&#8220;3&#8243; shift_y=&#8220;0&#8243; z_index=&#8220;0&#8243; limit_content=&#8220;&#8220; uncode_shortcode_id=&#8220;125831&#8243;][vc_column_inner column_width_percent=&#8220;80&#8243; gutter_size=&#8220;2&#8243; overlay_alpha=&#8220;50&#8243; shift_x=&#8220;0&#8243; shift_y=&#8220;0&#8243; shift_y_down=&#8220;0&#8243; z_index=&#8220;0&#8243; medium_width=&#8220;0&#8243; mobile_width=&#8220;0&#8243; width=&#8220;1\/1&#8243; uncode_shortcode_id=&#8220;100216&#8243;][vc_empty_space empty_h=&#8220;1&#8243;][vc_custom_heading heading_semantic=&#8220;h4&#8243; text_size=&#8220;h6&#8243; text_weight=&#8220;300&#8243; uncode_shortcode_id=&#8220;179360&#8243;]\u201eDie ulmer heimst\u00e4tte wird von der Agentur Bertsche + Spiegel in allen Themen rund um Marketing und \u00d6ffentlichkeitsarbeit betreut. Wir sch\u00e4tzen an der Zusammenarbeit insbesondere die innovativen Ans\u00e4tze, die Flexibilit\u00e4t in der Umsetzung und auch die pers\u00f6nlich angenehme Zusammenarbeit. Mit der Unterst\u00fctzung von Bertsche + Spiegel konnten wir unser Profil als genossenschaftliches Wohnungsunternehmen sch\u00e4rfen.\u201c[\/vc_custom_heading][vc_column_text text_lead=&#8220;small&#8220; uncode_shortcode_id=&#8220;171278&#8243;]<em>Christoph Neis, Vorstand der ulmer heimst\u00e4tte<\/em>[\/vc_column_text][vc_empty_space empty_h=&#8220;1&#8243;][\/vc_column_inner][\/vc_row_inner][\/vc_accordion_tab][vc_accordion_tab icon=&#8220;fa fa-bubble&#8220; gutter_size=&#8220;2&#8243; column_padding=&#8220;2&#8243; title=&#8220;Notarkanzlei Fritzenschaft S\u00e4lzler&#8220; tab_id=&#8220;1675262963-2-34&#8243;][vc_row_inner row_inner_height_percent=&#8220;0&#8243; overlay_alpha=&#8220;50&#8243; gutter_size=&#8220;3&#8243; shift_y=&#8220;0&#8243; z_index=&#8220;0&#8243; limit_content=&#8220;&#8220; uncode_shortcode_id=&#8220;763233&#8243;][vc_column_inner column_width_percent=&#8220;80&#8243; gutter_size=&#8220;2&#8243; overlay_alpha=&#8220;50&#8243; shift_x=&#8220;0&#8243; shift_y=&#8220;0&#8243; shift_y_down=&#8220;0&#8243; z_index=&#8220;0&#8243; medium_width=&#8220;0&#8243; mobile_width=&#8220;0&#8243; width=&#8220;1\/1&#8243; uncode_shortcode_id=&#8220;101749&#8243;][vc_empty_space empty_h=&#8220;1&#8243;][vc_custom_heading heading_semantic=&#8220;h4&#8243; text_size=&#8220;h6&#8243; text_weight=&#8220;300&#8243; uncode_shortcode_id=&#8220;173838&#8243;]\u201eKreativ aber nicht verr\u00fcckt, originell, zuverl\u00e4ssig und mit viel Gesp\u00fcr f\u00fcr das Gegen\u00fcber! Wir freuen uns jeden Tag \u00fcber unser sch\u00f6nes Logo, das elegante Briefpapier, die Beschilderungen und den frischen Internetauftritt. Kurz gesagt: Wir k\u00f6nnen Bertsche &amp; Spiegel uneingeschr\u00e4nkt weiterempfehlen.\u201c[\/vc_custom_heading][vc_column_text text_lead=&#8220;small&#8220; uncode_shortcode_id=&#8220;157972&#8243;]<em>Peter Fritzenschaft und Karl S\u00e4lzler, Gesch\u00e4ftsf\u00fchrer<br \/>\n<\/em>[\/vc_column_text][vc_empty_space empty_h=&#8220;1&#8243;][\/vc_column_inner][\/vc_row_inner][\/vc_accordion_tab][vc_accordion_tab icon=&#8220;fa fa-bubble&#8220; gutter_size=&#8220;2&#8243; column_padding=&#8220;2&#8243; title=&#8220;Winkgen Medical Services&#8220; tab_id=&#8220;1675264672066-5-0&#8243;][vc_row_inner row_inner_height_percent=&#8220;0&#8243; overlay_alpha=&#8220;50&#8243; gutter_size=&#8220;3&#8243; shift_y=&#8220;0&#8243; z_index=&#8220;0&#8243; limit_content=&#8220;&#8220; uncode_shortcode_id=&#8220;763233&#8243;][vc_column_inner column_width_percent=&#8220;80&#8243; gutter_size=&#8220;2&#8243; overlay_alpha=&#8220;50&#8243; shift_x=&#8220;0&#8243; shift_y=&#8220;0&#8243; shift_y_down=&#8220;0&#8243; z_index=&#8220;0&#8243; medium_width=&#8220;0&#8243; mobile_width=&#8220;0&#8243; width=&#8220;1\/1&#8243; uncode_shortcode_id=&#8220;101749&#8243;][vc_empty_space empty_h=&#8220;1&#8243;][vc_custom_heading heading_semantic=&#8220;h4&#8243; text_size=&#8220;h6&#8243; text_weight=&#8220;300&#8243; uncode_shortcode_id=&#8220;452771&#8243;]\u201eDie Agentur B &amp; S hat unsere Zielsetzung in k\u00fcrzester Zeit nach dem Briefing so treffend verstanden, dass die Umsetzung von Logo Re-Design, Brosch\u00fcren, Flyern, Fassadendesign und des Internetauftritts in sehr kurzer Zeit unsere Erwartungen \u2013 besonders in der pr\u00e4zisen Ausf\u00fchrung, mehr als \u00fcbertroffen hat. Wir freuen uns sehr \u00fcber diese sehr professionelle Partnerschaft und die werbliche und gestalterische Begleitung unserer Zukunft.\u201c[\/vc_custom_heading][vc_column_text text_lead=&#8220;small&#8220; uncode_shortcode_id=&#8220;118044&#8243;]<em>Christoph Winkgen, Gesch\u00e4ftsf\u00fchrer<\/em>[\/vc_column_text][vc_empty_space empty_h=&#8220;1&#8243;][\/vc_column_inner][\/vc_row_inner][\/vc_accordion_tab][vc_accordion_tab icon=&#8220;fa fa-bubble&#8220; gutter_size=&#8220;2&#8243; column_padding=&#8220;2&#8243; title=&#8220;Museumsgesellschaft Ehingen&#8220; tab_id=&#8220;1675264567783-5-3&#8243;][vc_row_inner row_inner_height_percent=&#8220;0&#8243; overlay_alpha=&#8220;50&#8243; gutter_size=&#8220;3&#8243; shift_y=&#8220;0&#8243; z_index=&#8220;0&#8243; limit_content=&#8220;&#8220; uncode_shortcode_id=&#8220;763233&#8243;][vc_column_inner column_width_percent=&#8220;80&#8243; gutter_size=&#8220;2&#8243; overlay_alpha=&#8220;50&#8243; shift_x=&#8220;0&#8243; shift_y=&#8220;0&#8243; shift_y_down=&#8220;0&#8243; z_index=&#8220;0&#8243; medium_width=&#8220;0&#8243; mobile_width=&#8220;0&#8243; width=&#8220;1\/1&#8243; uncode_shortcode_id=&#8220;101749&#8243;][vc_empty_space empty_h=&#8220;1&#8243;][vc_custom_heading heading_semantic=&#8220;h4&#8243; text_size=&#8220;h6&#8243; text_weight=&#8220;300&#8243; uncode_shortcode_id=&#8220;111546&#8243;]\u201eDie Zusammenarbeit mit der Design-Agentur Bertsche-Spiegel hat vor etwa 20 Jahren begonnen. Wir waren stets sehr zufrieden mit der Kompetenz und dem Einsatz von Olaf Bertsche und Bettina Spiegel f\u00fcr unsere jeweiligen B\u00fccher und sind dankbar f\u00fcr die unkomplizierte Zusammenarbeit.\u201c[\/vc_custom_heading][vc_column_text text_lead=&#8220;small&#8220; uncode_shortcode_id=&#8220;133371&#8243;]<em>Franz Romer, Vorsitzender (bis September 2020)<\/em>[\/vc_column_text][vc_empty_space empty_h=&#8220;1&#8243;][\/vc_column_inner][\/vc_row_inner][\/vc_accordion_tab][vc_accordion_tab icon=&#8220;fa fa-bubble&#8220; gutter_size=&#8220;2&#8243; column_padding=&#8220;2&#8243; title=&#8220;Pflege Dittrich&#8220; tab_id=&#8220;1675264481067-5-1&#8243;][vc_row_inner row_inner_height_percent=&#8220;0&#8243; overlay_alpha=&#8220;50&#8243; gutter_size=&#8220;3&#8243; shift_y=&#8220;0&#8243; z_index=&#8220;0&#8243; limit_content=&#8220;&#8220; uncode_shortcode_id=&#8220;763233&#8243;][vc_column_inner column_width_percent=&#8220;80&#8243; gutter_size=&#8220;2&#8243; overlay_alpha=&#8220;50&#8243; shift_x=&#8220;0&#8243; shift_y=&#8220;0&#8243; shift_y_down=&#8220;0&#8243; z_index=&#8220;0&#8243; medium_width=&#8220;0&#8243; mobile_width=&#8220;0&#8243; width=&#8220;1\/1&#8243; uncode_shortcode_id=&#8220;101749&#8243;][vc_empty_space empty_h=&#8220;1&#8243;][vc_custom_heading heading_semantic=&#8220;h4&#8243; text_size=&#8220;h6&#8243; text_weight=&#8220;300&#8243; uncode_shortcode_id=&#8220;414557&#8243;]\u201eIch danke Ihnen und Ihrem Team, das Gro\u00dfartiges leistet. Vielen Dank f\u00fcr unser neues Erscheinungsbild und die exzellente Zusammenarbeit!\u201c[\/vc_custom_heading][vc_column_text text_lead=&#8220;small&#8220; uncode_shortcode_id=&#8220;186636&#8243;]<em>Marinela Dittrich, Inhaberin<\/em>[\/vc_column_text][vc_empty_space empty_h=&#8220;1&#8243;][\/vc_column_inner][\/vc_row_inner][\/vc_accordion_tab][\/vc_accordion][\/vc_column][\/vc_row][vc_row row_height_percent=&#8220;0&#8243; override_padding=&#8220;yes&#8220; h_padding=&#8220;0&#8243; top_padding=&#8220;0&#8243; bottom_padding=&#8220;0&#8243; overlay_alpha=&#8220;50&#8243; gutter_size=&#8220;3&#8243; column_width_percent=&#8220;100&#8243; shift_y=&#8220;0&#8243; z_index=&#8220;0&#8243; uncode_shortcode_id=&#8220;500193&#8243;][vc_column column_width_percent=&#8220;76&#8243; gutter_size=&#8220;3&#8243; overlay_alpha=&#8220;50&#8243; shift_x=&#8220;0&#8243; shift_y=&#8220;0&#8243; shift_y_down=&#8220;0&#8243; z_index=&#8220;0&#8243; medium_width=&#8220;0&#8243; mobile_width=&#8220;0&#8243; width=&#8220;1\/1&#8243; uncode_shortcode_id=&#8220;135162&#8243;][vc_single_image media=&#8220;84368&#8243; media_width_percent=&#8220;100&#8243; css_animation=&#8220;bottom-t-top&#8220; animation_delay=&#8220;600&#8243; uncode_shortcode_id=&#8220;142931&#8243;][vc_empty_space empty_h=&#8220;2&#8243; mobile_visibility=&#8220;yes&#8220;][\/vc_column][\/vc_row][vc_row row_height_percent=&#8220;0&#8243; override_padding=&#8220;yes&#8220; h_padding=&#8220;2&#8243; top_padding=&#8220;2&#8243; bottom_padding=&#8220;2&#8243; overlay_alpha=&#8220;50&#8243; gutter_size=&#8220;3&#8243; column_width_percent=&#8220;100&#8243; shift_y=&#8220;0&#8243; z_index=&#8220;0&#8243; uncode_shortcode_id=&#8220;964423&#8243;][vc_column column_width_percent=&#8220;50&#8243; gutter_size=&#8220;2&#8243; overlay_alpha=&#8220;50&#8243; shift_x=&#8220;0&#8243; shift_y=&#8220;0&#8243; shift_y_down=&#8220;0&#8243; z_index=&#8220;0&#8243; medium_width=&#8220;0&#8243; mobile_width=&#8220;0&#8243; css_animation=&#8220;bottom-t-top&#8220; animation_delay=&#8220;200&#8243; width=&#8220;1\/3&#8243; uncode_shortcode_id=&#8220;141403&#8243;][vc_icon icon=&#8220;fa fa-male&#8220; size=&#8220;fa-2x&#8220; uncode_shortcode_id=&#8220;203541&#8243;][\/vc_icon][vc_custom_heading text_size=&#8220;h5&#8243; separator=&#8220;yes&#8220; sub_lead=&#8220;small&#8220; sub_reduced=&#8220;yes&#8220; uncode_shortcode_id=&#8220;200887&#8243;]Olaf Bertsche[\/vc_custom_heading][vc_column_text text_lead=&#8220;small&#8220; text_color=&#8220;color-jevc&#8220; uncode_shortcode_id=&#8220;173053&#8243; text_color_type=&#8220;uncode-palette&#8220;]<strong>Dipl. Kommunikations-Designer (FH)<\/strong><br \/>\n<strong>Designer AGD<\/strong><\/p>\n<p>Grey, D\u00fcsseldorf<br \/>\nH\u00f6rger + Partner, Ulm<br \/>\nKommunikationsb\u00fcro, Ulm<br \/>\nFreelancer f\u00fcr verschiedene Agenturen<br \/>\nB\u00fcrogr\u00fcndung 2000[\/vc_column_text][\/vc_column][vc_column column_width_percent=&#8220;100&#8243; gutter_size=&#8220;2&#8243; overlay_alpha=&#8220;50&#8243; shift_x=&#8220;0&#8243; shift_y=&#8220;0&#8243; shift_y_down=&#8220;0&#8243; z_index=&#8220;0&#8243; medium_width=&#8220;0&#8243; mobile_width=&#8220;0&#8243; css_animation=&#8220;bottom-t-top&#8220; animation_delay=&#8220;400&#8243; width=&#8220;1\/3&#8243; uncode_shortcode_id=&#8220;205489&#8243;][vc_icon icon=&#8220;fa fa-female&#8220; size=&#8220;fa-2x&#8220; uncode_shortcode_id=&#8220;803719&#8243;][\/vc_icon][vc_custom_heading text_size=&#8220;h5&#8243; separator=&#8220;yes&#8220; uncode_shortcode_id=&#8220;163882&#8243;]Bettina Spiegel[\/vc_custom_heading][vc_column_text text_lead=&#8220;small&#8220; text_color=&#8220;color-jevc&#8220; uncode_shortcode_id=&#8220;416612&#8243; text_color_type=&#8220;uncode-palette&#8220;]<strong>Dipl. Kommunikations-Designerin (FH)<\/strong><br \/>\n<strong>Designerin AGD<\/strong><\/p>\n<p>Serviceplan, M\u00fcnchen<br \/>\nMeumann + Haller, Ulm<br \/>\nFreelancer f\u00fcr verschiedene Agenturen<br \/>\nB\u00fcrogr\u00fcndung 2000[\/vc_column_text][\/vc_column][\/vc_row][vc_row row_height_percent=&#8220;0&#8243; override_padding=&#8220;yes&#8220; h_padding=&#8220;0&#8243; top_padding=&#8220;0&#8243; bottom_padding=&#8220;0&#8243; overlay_alpha=&#8220;50&#8243; gutter_size=&#8220;3&#8243; column_width_percent=&#8220;100&#8243; shift_y=&#8220;0&#8243; z_index=&#8220;0&#8243; uncode_shortcode_id=&#8220;824253&#8243;][vc_column column_width_percent=&#8220;100&#8243; gutter_size=&#8220;2&#8243; overlay_alpha=&#8220;50&#8243; shift_x=&#8220;0&#8243; shift_y=&#8220;0&#8243; shift_y_down=&#8220;0&#8243; z_index=&#8220;0&#8243; medium_width=&#8220;0&#8243; mobile_width=&#8220;0&#8243; css_animation=&#8220;bottom-t-top&#8220; animation_delay=&#8220;200&#8243; width=&#8220;1\/1&#8243; uncode_shortcode_id=&#8220;169850&#8243;][vc_empty_space empty_h=&#8220;2&#8243; mobile_visibility=&#8220;yes&#8220;][vc_row_inner row_inner_height_percent=&#8220;0&#8243; overlay_alpha=&#8220;50&#8243; gutter_size=&#8220;2&#8243; shift_y=&#8220;0&#8243; z_index=&#8220;0&#8243; limit_content=&#8220;&#8220;][vc_column_inner width=&#8220;1\/2&#8243;][vc_single_image media=&#8220;86741&#8243; media_width_percent=&#8220;100&#8243; uncode_shortcode_id=&#8220;130616&#8243;][\/vc_column_inner][vc_column_inner width=&#8220;1\/2&#8243;][vc_single_image media=&#8220;86716&#8243; media_width_percent=&#8220;100&#8243; uncode_shortcode_id=&#8220;212270&#8243;][\/vc_column_inner][\/vc_row_inner][vc_row_inner row_inner_height_percent=&#8220;0&#8243; overlay_alpha=&#8220;50&#8243; gutter_size=&#8220;2&#8243; shift_y=&#8220;0&#8243; z_index=&#8220;0&#8243; limit_content=&#8220;&#8220;][vc_column_inner width=&#8220;1\/2&#8243;][vc_single_image media=&#8220;86718&#8243; media_width_percent=&#8220;100&#8243; media_ratio=&#8220;three-two&#8220; uncode_shortcode_id=&#8220;185940&#8243;][\/vc_column_inner][vc_column_inner width=&#8220;1\/2&#8243;][vc_single_image media=&#8220;118589&#8243; media_width_percent=&#8220;100&#8243; media_ratio=&#8220;three-two&#8220; uncode_shortcode_id=&#8220;900695&#8243;][\/vc_column_inner][\/vc_row_inner][vc_empty_space empty_h=&#8220;2&#8243; mobile_visibility=&#8220;yes&#8220;][\/vc_column][\/vc_row][vc_row row_height_percent=&#8220;0&#8243; override_padding=&#8220;yes&#8220; h_padding=&#8220;2&#8243; top_padding=&#8220;2&#8243; bottom_padding=&#8220;2&#8243; overlay_alpha=&#8220;50&#8243; gutter_size=&#8220;3&#8243; column_width_percent=&#8220;100&#8243; shift_y=&#8220;0&#8243; z_index=&#8220;0&#8243; uncode_shortcode_id=&#8220;681603&#8243;][vc_column column_width_percent=&#8220;80&#8243; gutter_size=&#8220;2&#8243; overlay_alpha=&#8220;50&#8243; shift_x=&#8220;0&#8243; shift_y=&#8220;0&#8243; shift_y_down=&#8220;0&#8243; z_index=&#8220;0&#8243; medium_width=&#8220;0&#8243; mobile_width=&#8220;0&#8243; css_animation=&#8220;bottom-t-top&#8220; width=&#8220;1\/1&#8243; uncode_shortcode_id=&#8220;159637&#8243;][vc_empty_space empty_h=&#8220;1&#8243; mobile_visibility=&#8220;yes&#8220;][vc_custom_heading text_font=&#8220;font-202503&#8243; text_size=&#8220;h4&#8243; text_italic=&#8220;yes&#8220; separator=&#8220;yes&#8220; uncode_shortcode_id=&#8220;460471&#8243;]Jaaaaa![\/vc_custom_heading][vc_empty_space empty_h=&#8220;1&#8243; mobile_visibility=&#8220;yes&#8220;][vc_column_text text_color=&#8220;color-jevc&#8220; uncode_shortcode_id=&#8220;118717&#8243; text_color_type=&#8220;uncode-palette&#8220;]Wir lieben Herausforderungen und stemmen gerne gro\u00dfe Projekte. Frei nach dem Motto: \u201eGr\u00f6\u00dfe allein ist nicht entscheidend. Eine Biene sammelt an einem Tag mehr Honig als ein Elefant in seinem ganzen Leben.\u201c<br \/>\nIn diesem Sinne: Let\u2019s fly!<strong><br \/>\n<\/strong>[\/vc_column_text][vc_empty_space empty_h=&#8220;2&#8243; mobile_visibility=&#8220;yes&#8220;][vc_empty_space empty_h=&#8220;2&#8243; mobile_visibility=&#8220;yes&#8220;][\/vc_column][\/vc_row][vc_row row_height_percent=&#8220;0&#8243; override_padding=&#8220;yes&#8220; h_padding=&#8220;2&#8243; top_padding=&#8220;2&#8243; bottom_padding=&#8220;0&#8243; back_color=&#8220;color-gyho&#8220; overlay_alpha=&#8220;50&#8243; gutter_size=&#8220;3&#8243; column_width_percent=&#8220;100&#8243; shift_y=&#8220;0&#8243; z_index=&#8220;0&#8243; uncode_shortcode_id=&#8220;204139&#8243; back_color_type=&#8220;uncode-palette&#8220;][vc_column column_width_percent=&#8220;100&#8243; gutter_size=&#8220;0&#8243; overlay_alpha=&#8220;50&#8243; shift_x=&#8220;0&#8243; shift_y=&#8220;0&#8243; shift_y_down=&#8220;0&#8243; z_index=&#8220;0&#8243; medium_width=&#8220;0&#8243; mobile_width=&#8220;0&#8243; width=&#8220;1\/1&#8243; uncode_shortcode_id=&#8220;109257&#8243;][vc_empty_space empty_h=&#8220;2&#8243; mobile_visibility=&#8220;yes&#8220;][vc_custom_heading text_font=&#8220;font-202503&#8243; text_size=&#8220;h4&#8243; text_italic=&#8220;yes&#8220; uncode_shortcode_id=&#8220;188043&#8243;]Unsere Kunden[\/vc_custom_heading][vc_empty_space empty_h=&#8220;2&#8243; medium_visibility=&#8220;yes&#8220; mobile_visibility=&#8220;yes&#8220;][\/vc_column][\/vc_row][vc_row row_height_percent=&#8220;0&#8243; override_padding=&#8220;yes&#8220; h_padding=&#8220;2&#8243; top_padding=&#8220;2&#8243; bottom_padding=&#8220;2&#8243; back_color=&#8220;color-gyho&#8220; overlay_alpha=&#8220;50&#8243; gutter_size=&#8220;2&#8243; column_width_percent=&#8220;100&#8243; shift_y=&#8220;0&#8243; z_index=&#8220;0&#8243; uncode_shortcode_id=&#8220;114646&#8243; back_color_type=&#8220;uncode-palette&#8220;][vc_column column_width_percent=&#8220;100&#8243; gutter_size=&#8220;3&#8243; overlay_alpha=&#8220;50&#8243; shift_x=&#8220;0&#8243; shift_y=&#8220;0&#8243; shift_y_down=&#8220;0&#8243; z_index=&#8220;0&#8243; medium_width=&#8220;0&#8243; mobile_width=&#8220;0&#8243; width=&#8220;1\/3&#8243;][vc_column_text text_lead=&#8220;small&#8220; text_color=&#8220;color-jevc&#8220; uncode_shortcode_id=&#8220;912535&#8243; text_color_type=&#8220;uncode-palette&#8220;]<strong>WOHNBAUGENOSSENSCHAFT<\/strong><\/p>\n<p>ulmer heimst\u00e4tte<\/p>\n<p><strong>GESUNDHEIT &amp; SOZIALES<\/strong><\/p>\n<p>ADK GmbH f\u00fcr Gesundheit und Soziales<br \/>\nAn\u00e4sthesiepraxis Ulm Dr. Metzler und Kollegen<br \/>\nHNO-Praxis Bok Glaenz T\u00fcbingen<br \/>\nKatholische Kirchen- und Hospitalpflege Laupheim<br \/>\nMedizinisches Versorgungszentrum Langenau<br \/>\nPflege Dittrich Heidenheim<br \/>\nPflegeheim GmbH Alb-Donau-Kreis<br \/>\nphysioconcept Ulm<\/p>\n<p><strong>NAHVERKEHR<\/strong><\/p>\n<p>Donau-Iller-Nahverkehrsverbund<br \/>\nRegio S-Bahn Donau-Iller<br \/>\nVerkehrsverbund TUTicket<br \/>\nVerkehrsverbund Hegau-Bodensee<br \/>\nVerkehrsverbund Schwarzwald-Baar-Heuberg[\/vc_column_text][\/vc_column][vc_column width=&#8220;1\/3&#8243;][vc_column_text text_lead=&#8220;small&#8220; text_color=&#8220;color-jevc&#8220; uncode_shortcode_id=&#8220;298600&#8243; text_color_type=&#8220;uncode-palette&#8220;]<strong>KOMMUNEN<\/strong><\/p>\n<p>Stadt Ehingen (Donau), VHS<br \/>\nStadt Kirchheim unter Teck<br \/>\nStadt Neu-Ulm<br \/>\nStadt Ulm, Kulturabteilung<br \/>\nStadt Ulm, Abteilung Soziales<br \/>\nUlm Internationale Stadt<br \/>\nUlm\/Neu-Ulm Touristik GmbH<\/p>\n<p><strong>MUSEEN<\/strong><\/p>\n<p>Donauschw\u00e4bisches Zentralmuseum Ulm<br \/>\nMuseumsgesellschaft Ehingen<\/p>\n<p><strong>VEREINE<\/strong><\/p>\n<p>F\u00f6rderverein Musik am Ulmer M\u00fcnster<br \/>\nOrchesterverein Ulm\/Neu-Ulm<br \/>\nSchw\u00e4bischer Albverein<\/p>\n<p><strong>KIRCHE<\/strong><\/p>\n<p>Katholische Kirchengemeinde St. Maria Suso Ulm<br \/>\nKatholische Kirchengemeinde St. Petrus und Paulus Laupheim<br \/>\nKatholisches Dekanat Biberach[\/vc_column_text][\/vc_column][vc_column width=&#8220;1\/3&#8243;][vc_column_text text_lead=&#8220;small&#8220; text_color=&#8220;color-jevc&#8220; uncode_shortcode_id=&#8220;198718&#8243; text_color_type=&#8220;uncode-palette&#8220;]<strong>FREIE BERUFE<\/strong><\/p>\n<p>Notarb\u00fcroWald Langenau<br \/>\nNotare Fritzenschaft S\u00e4lzler Laupheim<br \/>\nZG Architekten<br \/>\nZollberatung G\u00fcnther D\u00fcrndorfer<\/p>\n<p><strong>INDUSTRIE &amp; DIENSTLEISTUNG<\/strong><\/p>\n<p>Gardena Ulm<br \/>\nHusqvarna Group<br \/>\nPA Systems Karlsruhe<br \/>\nVolksbank Ulm-Biberach<br \/>\nWinkgen Medical Systems<\/p>\n<p><strong>WEITERE<\/strong><\/p>\n<p>B\u00fcrgerstiftung Neu-Ulm<br \/>\nEbner Verlag<br \/>\nFreie W\u00e4hler Laupheim<br \/>\nKarl-Jegg-Stiftung Laupheim<br \/>\nLokale Agenda Ulm 21<br \/>\nMusikschule Ulm[\/vc_column_text][\/vc_column][\/vc_row][vc_row row_height_percent=&#8220;0&#8243; override_padding=&#8220;yes&#8220; h_padding=&#8220;2&#8243; top_padding=&#8220;0&#8243; bottom_padding=&#8220;0&#8243; back_color=&#8220;color-gyho&#8220; overlay_alpha=&#8220;50&#8243; gutter_size=&#8220;3&#8243; column_width_percent=&#8220;100&#8243; shift_y=&#8220;0&#8243; z_index=&#8220;0&#8243; uncode_shortcode_id=&#8220;139740&#8243; back_color_type=&#8220;uncode-palette&#8220;][vc_column width=&#8220;1\/1&#8243;][vc_empty_space empty_h=&#8220;2&#8243;][\/vc_column][\/vc_row]<\/p>\n<\/section>","protected":false},"excerpt":{"rendered":"<p>[vc_row row_height_percent=&#8220;0&#8243; override_padding=&#8220;yes&#8220; h_padding=&#8220;2&#8243; top_padding=&#8220;3&#8243; bottom_padding=&#8220;0&#8243; overlay_alpha=&#8220;50&#8243; gutter_size=&#8220;3&#8243; column_width_percent=&#8220;100&#8243; shift_y=&#8220;0&#8243; z_index=&#8220;0&#8243;][vc_column column_width_percent=&#8220;80&#8243; gutter_size=&#8220;3&#8243; overlay_alpha=&#8220;50&#8243; shift_x=&#8220;0&#8243; shift_y=&#8220;0&#8243; shift_y_down=&#8220;0&#8243; z_index=&#8220;0&#8243; medium_width=&#8220;0&#8243; mobile_width=&#8220;0&#8243; [&hellip;]<\/p>\n","protected":false},"author":1,"featured_media":0,"parent":0,"menu_order":0,"comment_status":"closed","ping_status":"closed","template":"","meta":[],"_links":{"self":[{"href":"https:\/\/bertsche-spiegel.de\/index.php\/wp-json\/wp\/v2\/pages\/82891"}],"collection":[{"href":"https:\/\/bertsche-spiegel.de\/index.php\/wp-json\/wp\/v2\/pages"}],"about":[{"href":"https:\/\/bertsche-spiegel.de\/index.php\/wp-json\/wp\/v2\/types\/page"}],"author":[{"embeddable":true,"href":"https:\/\/bertsche-spiegel.de\/index.php\/wp-json\/wp\/v2\/users\/1"}],"replies":[{"embeddable":true,"href":"https:\/\/bertsche-spiegel.de\/index.php\/wp-json\/wp\/v2\/comments?post=82891"}],"version-history":[{"count":249,"href":"https:\/\/bertsche-spiegel.de\/index.php\/wp-json\/wp\/v2\/pages\/82891\/revisions"}],"predecessor-version":[{"id":119072,"href":"https:\/\/bertsche-spiegel.de\/index.php\/wp-json\/wp\/v2\/pages\/82891\/revisions\/119072"}],"wp:attachment":[{"href":"https:\/\/bertsche-spiegel.de\/index.php\/wp-json\/wp\/v2\/media?parent=82891"}],"curies":[{"name":"wp","href":"https:\/\/api.w.org\/{rel}","templated":true}]}}